{"id":13,"date":"2023-08-12T20:28:13","date_gmt":"2023-08-12T20:28:13","guid":{"rendered":"https:\/\/www.futsalgermany.de\/?page_id=13"},"modified":"2024-02-26T13:48:31","modified_gmt":"2024-02-26T13:48:31","slug":"otto-und-shahin-das-interview","status":"publish","type":"page","link":"https:\/\/www.futsalgermany.de\/index.php\/otto-und-shahin-das-interview\/","title":{"rendered":"Otto Addo und Shahin Rassi &#8211; Das Interview"},"content":{"rendered":"\t\t<div data-elementor-type=\"wp-page\" data-elementor-id=\"13\" class=\"elementor elementor-13\">\n\t\t\t\t\t\t<section class=\"elementor-section elementor-top-section elementor-element elementor-element-84d50d0 elementor-section-boxed elementor-section-height-default elementor-section-height-default\" data-id=\"84d50d0\" data-element_type=\"section\">\n\t\t\t\t\t\t<div class=\"elementor-container elementor-column-gap-default\">\n\t\t\t\t\t<div class=\"elementor-column elementor-col-100 elementor-top-column elementor-element elementor-element-592869e\" data-id=\"592869e\" data-element_type=\"column\">\n\t\t\t<div class=\"elementor-widget-wrap elementor-element-populated\">\n\t\t\t\t\t\t<div class=\"elementor-element elementor-element-a210e31 elementor-widget elementor-widget-spacer\" data-id=\"a210e31\" data-element_type=\"widget\" data-widget_type=\"spacer.default\">\n\t\t\t\t<div class=\"elementor-widget-container\">\n\t\t\t<style>\/*! elementor - v3.21.0 - 08-05-2024 *\/\n.elementor-column .elementor-spacer-inner{height:var(--spacer-size)}.e-con{--container-widget-width:100%}.e-con-inner>.elementor-widget-spacer,.e-con>.elementor-widget-spacer{width:var(--container-widget-width,var(--spacer-size));--align-self:var(--container-widget-align-self,initial);--flex-shrink:0}.e-con-inner>.elementor-widget-spacer>.elementor-widget-container,.e-con>.elementor-widget-spacer>.elementor-widget-container{height:100%;width:100%}.e-con-inner>.elementor-widget-spacer>.elementor-widget-container>.elementor-spacer,.e-con>.elementor-widget-spacer>.elementor-widget-container>.elementor-spacer{height:100%}.e-con-inner>.elementor-widget-spacer>.elementor-widget-container>.elementor-spacer>.elementor-spacer-inner,.e-con>.elementor-widget-spacer>.elementor-widget-container>.elementor-spacer>.elementor-spacer-inner{height:var(--container-widget-height,var(--spacer-size))}.e-con-inner>.elementor-widget-spacer.elementor-widget-empty,.e-con>.elementor-widget-spacer.elementor-widget-empty{position:relative;min-height:22px;min-width:22px}.e-con-inner>.elementor-widget-spacer.elementor-widget-empty .elementor-widget-empty-icon,.e-con>.elementor-widget-spacer.elementor-widget-empty .elementor-widget-empty-icon{position:absolute;top:0;bottom:0;left:0;right:0;margin:auto;padding:0;width:22px;height:22px}<\/style>\t\t<div class=\"elementor-spacer\">\n\t\t\t<div class=\"elementor-spacer-inner\"><\/div>\n\t\t<\/div>\n\t\t\t\t<\/div>\n\t\t\t\t<\/div>\n\t\t\t\t<div class=\"elementor-element elementor-element-1a7e794 elementor-widget__width-initial elementor-widget elementor-widget-heading\" data-id=\"1a7e794\" data-element_type=\"widget\" data-widget_type=\"heading.default\">\n\t\t\t\t<div class=\"elementor-widget-container\">\n\t\t\t<style>\/*! elementor - v3.21.0 - 08-05-2024 *\/\n.elementor-heading-title{padding:0;margin:0;line-height:1}.elementor-widget-heading .elementor-heading-title[class*=elementor-size-]>a{color:inherit;font-size:inherit;line-height:inherit}.elementor-widget-heading .elementor-heading-title.elementor-size-small{font-size:15px}.elementor-widget-heading .elementor-heading-title.elementor-size-medium{font-size:19px}.elementor-widget-heading .elementor-heading-title.elementor-size-large{font-size:29px}.elementor-widget-heading .elementor-heading-title.elementor-size-xl{font-size:39px}.elementor-widget-heading .elementor-heading-title.elementor-size-xxl{font-size:59px}<\/style><h2 class=\"elementor-heading-title elementor-size-medium\">Welchen Einfluss hat Futsal auf die Ausbildung von Fu\u00dfballern und warum ist Deutschland mal wieder hinten dran? \n<\/h2>\t\t<\/div>\n\t\t\t\t<\/div>\n\t\t\t\t<div class=\"elementor-element elementor-element-c2740b5 elementor-widget elementor-widget-spacer\" data-id=\"c2740b5\" data-element_type=\"widget\" data-widget_type=\"spacer.default\">\n\t\t\t\t<div class=\"elementor-widget-container\">\n\t\t\t\t\t<div class=\"elementor-spacer\">\n\t\t\t<div class=\"elementor-spacer-inner\"><\/div>\n\t\t<\/div>\n\t\t\t\t<\/div>\n\t\t\t\t<\/div>\n\t\t\t\t<div class=\"elementor-element elementor-element-c0c04f4 elementor-widget elementor-widget-text-editor\" data-id=\"c0c04f4\" data-element_type=\"widget\" data-widget_type=\"text-editor.default\">\n\t\t\t\t<div class=\"elementor-widget-container\">\n\t\t\t<style>\/*! elementor - v3.21.0 - 08-05-2024 *\/\n.elementor-widget-text-editor.elementor-drop-cap-view-stacked .elementor-drop-cap{background-color:#69727d;color:#fff}.elementor-widget-text-editor.elementor-drop-cap-view-framed .elementor-drop-cap{color:#69727d;border:3px solid;background-color:transparent}.elementor-widget-text-editor:not(.elementor-drop-cap-view-default) .elementor-drop-cap{margin-top:8px}.elementor-widget-text-editor:not(.elementor-drop-cap-view-default) .elementor-drop-cap-letter{width:1em;height:1em}.elementor-widget-text-editor .elementor-drop-cap{float:left;text-align:center;line-height:1;font-size:50px}.elementor-widget-text-editor .elementor-drop-cap-letter{display:inline-block}<\/style>\t\t\t\t<p>Ein Gespr\u00e4ch mit Otto Addo (DFB A-Lizenz Inhaber &#8211; Top-Talente-Trainer BVB und Shahin Rassi (Chefcoach F95 Futsal &#8211; Technik Coach Roda JC Kerkrade, D\u00fcsseldorf, Februar 2023 <\/p>\t\t\t\t\t\t<\/div>\n\t\t\t\t<\/div>\n\t\t\t\t\t<\/div>\n\t\t<\/div>\n\t\t\t\t\t<\/div>\n\t\t<\/section>\n\t\t\t\t<section class=\"elementor-section elementor-top-section elementor-element elementor-element-777f298 elementor-section-boxed elementor-section-height-default elementor-section-height-default\" data-id=\"777f298\" data-element_type=\"section\">\n\t\t\t\t\t\t<div class=\"elementor-container elementor-column-gap-default\">\n\t\t\t\t\t<div class=\"elementor-column elementor-col-50 elementor-top-column elementor-element elementor-element-9ef836c\" data-id=\"9ef836c\" data-element_type=\"column\">\n\t\t\t<div class=\"elementor-widget-wrap elementor-element-populated\">\n\t\t\t\t\t\t<div class=\"elementor-element elementor-element-5a64d0e elementor-widget elementor-widget-image\" data-id=\"5a64d0e\" data-element_type=\"widget\" data-widget_type=\"image.default\">\n\t\t\t\t<div class=\"elementor-widget-container\">\n\t\t\t<style>\/*! elementor - v3.21.0 - 08-05-2024 *\/\n.elementor-widget-image{text-align:center}.elementor-widget-image a{display:inline-block}.elementor-widget-image a img[src$=\".svg\"]{width:48px}.elementor-widget-image img{vertical-align:middle;display:inline-block}<\/style>\t\t\t\t\t\t\t\t\t\t<img fetchpriority=\"high\" decoding=\"async\" width=\"576\" height=\"1024\" src=\"https:\/\/www.futsalgermany.de\/wp-content\/uploads\/2023\/08\/IMG_20230723_192527_019-576x1024.webp\" class=\"attachment-large size-large wp-image-135\" alt=\"\" srcset=\"https:\/\/www.futsalgermany.de\/wp-content\/uploads\/2023\/08\/IMG_20230723_192527_019-576x1024.webp 576w, https:\/\/www.futsalgermany.de\/wp-content\/uploads\/2023\/08\/IMG_20230723_192527_019-169x300.webp 169w, https:\/\/www.futsalgermany.de\/wp-content\/uploads\/2023\/08\/IMG_20230723_192527_019-768x1365.webp 768w, https:\/\/www.futsalgermany.de\/wp-content\/uploads\/2023\/08\/IMG_20230723_192527_019-864x1536.webp 864w, https:\/\/www.futsalgermany.de\/wp-content\/uploads\/2023\/08\/IMG_20230723_192527_019.webp 1080w\" sizes=\"(max-width: 576px) 100vw, 576px\" \/>\t\t\t\t\t\t\t\t\t\t\t\t\t<\/div>\n\t\t\t\t<\/div>\n\t\t\t\t\t<\/div>\n\t\t<\/div>\n\t\t\t\t<div class=\"elementor-column elementor-col-50 elementor-top-column elementor-element elementor-element-b393bba\" data-id=\"b393bba\" data-element_type=\"column\">\n\t\t\t<div class=\"elementor-widget-wrap elementor-element-populated\">\n\t\t\t\t\t\t<div class=\"elementor-element elementor-element-f5b8b4e elementor-widget elementor-widget-text-editor\" data-id=\"f5b8b4e\" data-element_type=\"widget\" data-widget_type=\"text-editor.default\">\n\t\t\t\t<div class=\"elementor-widget-container\">\n\t\t\t\t\t\t\t<p><strong>HP:<\/strong> Otto, wir sprachen vor einiger Zeit bereits im CASTELLO \u00fcber deine Ber\u00fchrungspunkte zum Futsal und die Situation rund um deinen Club Borussia Dortmund. Haben sich weitere Schnittmengen in Sachen Futsal ergeben, vielleicht w\u00e4hrend der WM oder beim BVB?<\/p><p>\u00a0<\/p><p><strong>Otto:<\/strong> Nein, nicht wirklich. Ich habe mit einigen Leuten im Verein, auch Hauptverantwortlichen, dar\u00fcber gesprochen. Das Thema ist auf dem Tableau, aber bei uns im Verein ist da leider noch nichts passiert. Ich pers\u00f6nlich w\u00fcrde es sehr begr\u00fc\u00dfen. Das habe ich damals schon gesagt. F\u00fcr die Entwicklung, grade im Jugendfu\u00dfball, w\u00e4re das ein wichtiger Schritt f\u00fcr die Spieler. Leider ist aber bisher nichts passiert.<\/p><p>\u00a0<\/p><p><strong>HP:<\/strong> Shahin, deine Wurzeln liegen im Iran. Eine gro\u00dfe Futsalnation. Du hast in Asien und England gearbeitet, Jugendspieler in Sachen Technik gecoacht. Kannst du nachvollziehen, dass Futsal bei gro\u00dfen deutschen Clubs in der Ausbildung weiterhin keine Rolle spielt?<\/p><p>\u00a0<\/p><p><strong>Shahin:<\/strong> Das spielt leider keine Rolle und das ist sehr schade. Ich bin jetzt seit 4 Jahren bei der Fortuna. Mit der Futsalabteilung kann man, grade im Jugendbereich, sehr viel erreichen. Man sollte vor allem auf Clubs schauen, die Futsal als zus\u00e4tzliches Tool begreifen um junge Spieler im Grundlagenbereich besser auszubilden. Vor allem im \u201eGolden Age\u201c. Das dieses Tool nicht genutzt wird, finde ich pers\u00f6nlich sehr schade.<\/p><p>\u00a0<\/p><p><strong>HP:<\/strong> Bevor wir in Sachen Ausbildung von Jugendspielern weiter in die Tiefe gehen, h\u00e4tte ich gerne eure Meinung zu einigen Fakten, die mit Futsal in Verbindung stehen: Von den 8 WM Viertelfinalisten BRA (No 1 Futsal Weltrangliste), ARG (No. 4), CRO (No 15), MAR (No 8. &#8211; Futsal WM \u00bc Finale 2021), POR (Amtierender Weltmeister Futsal) , NED, FRA und ENG, sind 5 Futsal Top-Nationen! Wenn ich die Premier League spielen sehe, sehe ich viel Futsal (ManCity oder Arsenal). Ist das WM-Ergebnis im Fu\u00dfball-Futsal-Kontext Zufall?<\/p><p>\u00a0<\/p><p><strong>Otto:<\/strong> Es ist immer schwierig zu beziffern, wo genau der Zusammenhang ist. In der Vergangenheit sind auch Nationen Weltmeister geworden, die jetzt keinen direkten Bezug zum Futsal haben. Was aber schon auff\u00e4llig ist, ist das besonders die sehr kreativen Spieler und sehr ballsicheren Spieler mit besonderen F\u00e4higkeiten am Ball, teilweise auch sp\u00e4tere Weltfu\u00dfballer, vor allem in ihrer Jugend viele Ber\u00fchrungspunkte zum Futsal hatten. Futsal stand am Anfang ihrer Ausbildung. Und ich denke, da kann man eine Verbindung herstellen, dass Futsal ein wesentlicher Grundstein des jeweiligen pers\u00f6nlichen Erfolgs, wie z. B. bei Neymar, war. Es ist dann nicht verwunderlich, dass diese Spieler so gut mit dem Ball umgehen k\u00f6nnen. Unter hohem Raum- und Zeitdruck finden diese Spieler trotzdem gute kreative L\u00f6sungen.<\/p>\t\t\t\t\t\t<\/div>\n\t\t\t\t<\/div>\n\t\t\t\t\t<\/div>\n\t\t<\/div>\n\t\t\t\t\t<\/div>\n\t\t<\/section>\n\t\t\t\t<section class=\"elementor-section elementor-top-section elementor-element elementor-element-1d34283 elementor-section-boxed elementor-section-height-default elementor-section-height-default\" data-id=\"1d34283\" data-element_type=\"section\">\n\t\t\t\t\t\t<div class=\"elementor-container elementor-column-gap-default\">\n\t\t\t\t\t<div class=\"elementor-column elementor-col-100 elementor-top-column elementor-element elementor-element-39b42ba\" data-id=\"39b42ba\" data-element_type=\"column\">\n\t\t\t<div class=\"elementor-widget-wrap elementor-element-populated\">\n\t\t\t\t\t\t<div class=\"elementor-element elementor-element-475631a elementor-widget elementor-widget-text-editor\" data-id=\"475631a\" data-element_type=\"widget\" data-widget_type=\"text-editor.default\">\n\t\t\t\t<div class=\"elementor-widget-container\">\n\t\t\t\t\t\t\t<p><strong>HP:<\/strong> Wenn ich an Argentinien denke, da hat glaub ich kein einziger Spieler in seiner Jugend <strong>nicht<\/strong> Futsal gespielt. Wie ist deine Meinung dazu Shahin?<\/p>\n<p><strong>&nbsp;<\/strong><\/p>\n<p><strong>Shahin:<\/strong> Ich denke genauso. Ich hab grade ein Interview von Hermann Gerland auf YouTube gesehen. Ab Minute 13:30 ungef\u00e4hr spricht er \u00fcber 4 vs 4 im Fu\u00dfball. Alle Elemente die er nennt, kommen aus dem Futsal. Futsal selber nennt er aber nicht. Enger Raum, schnelles Umschaltspiel, viele Ballkontakte, viel Ballbesitz. Aber in Deutschland redet man nicht \u00fcber Futsal. Es gibt eine Dokumentation \u00fcber Tevez, auf Netflix glaube ich, da sieht man, dass in Argentinien bis zur U14 im Ligabetrieb nur Futsal gespielt wird. Auch bei Topclubs wie River Plate. Ich denke, dass beweist sehr gut, warum die Spieler individuell so stark sind und woran das liegt.<\/p>\n<p><strong>&nbsp;<\/strong><\/p>\n<p><strong>HP:<\/strong> Du hast das Land deiner ethnischen Wurzeln, Ghana, bei der WM betreut. Ghana verf\u00fcgt \u00fcber eine Fu\u00dfballkultur, die nicht auf Futsal (ohne Ranking), sondern auf Stra\u00dfenfu\u00dfball basiert, ein Element, das ich pers\u00f6nlich am afrikanischen Fu\u00dfball sehr sch\u00e4tze. Das \u201cunerwartete Tun, die unerwartete Aktion\u201d geh\u00f6rt zum Stra\u00dfenfu\u00dfball.&nbsp;Hier zwei Zitate die ganz gut dazu passen:<\/p>\n<p><em>&nbsp;<\/em><\/p>\n<p><em>\u201cLasst uns den Stra\u00dfenfu\u00dfball in die Vereine holen\u201d<\/em> (Joti Chatzialexiou \/ Leiter DFB Nationalteam, RP, 30.7.18)<\/p>\n<p><a href=\"https:\/\/rp-online.de\/sport\/fussball\/nationalelf\/sportlicher-leiter-der-dfb-teams-joti-chatzialexiou-fordert-lasst-uns-den-strassenfussball-in-die-vereine-holen_aid-24132661\">https:\/\/rp-online.de\/sport\/fussball\/nationalelf\/sportlicher-leiter-der-dfb-teams-joti-chatzialexiou-fordert-lasst-uns-den-strassenfussball-in-die-vereine-holen_aid-24132661<\/a><\/p>\n<p>\u201c<em>..14j\u00e4hrige k\u00f6nnen s\u00e4mtliche Spielsysteme vorw\u00e4rts und r\u00fcckw\u00e4rts vortragen. &#8222;Aber kaum einer ist in der Lage, mit einem Dribbling oder einer irren Eingebung ein oder zwei Gegner auszuspielen\u2026\u201d<\/em> (Nachwuchstrainer FC Bayern, DER SPIEGEL, 7.7.2018, Artikel \u201cAuf Bew\u00e4hrung\u201d. <strong>Link folgt!<\/strong><\/p>\n<p><strong>&nbsp;<\/strong><\/p>\n<p><strong>HP:<\/strong> Futsal schult u. a. die individuelle Kreativit\u00e4t, Handlungsschnelligkeit, Spielintelligenz sowie die kognitiven F\u00e4higkeiten. Genau die Dinge, die in den Zitaten gefordert werden. Warum nutzt man Futsal nicht, um diese Dinge in Deutschland besser auszubilden und zu trainieren?<\/p>\n<p><strong>&nbsp;<\/strong><\/p>\n<p><strong>Shahin:<\/strong> Das ist auch ein Kulturunterschied finde ich, wenn ich das z. B. mit Holland vergleiche. Bei AJAX nimmt man einen ehemaligen Futsal Eredivisie Spieler, gegen den ich noch gespielt habe, Kevin Blankendaal und macht ihn zum U12 Cheftrainer. Sein Hintergrund ist Stra\u00dfenfu\u00dfball und Futsal. Kevin sagt, dass er sehr froh ist, dass ihm AJAX vertraut und dass er genau die Dinge, die er im Stra\u00dfenfu\u00dfball und im Futsal gelernt hat, an die zuk\u00fcnftigen Talente vermitteln und weitergeben soll. F\u00fcr mich war es in den letzten Jahren sehr anstrengend, dass der Fortuna zu erkl\u00e4ren. Ich pers\u00f6nlich glaube, dass liegt auch daran, dass viele Leute in Deutschland denken, dass Futsal eine andere Sportart ist und nichts mit Fu\u00dfball zu tun hat. Das ist momentan noch ein gro\u00dfes Hindernis.<\/p>\n<p><strong>&nbsp;<\/strong><\/p>\n<p><strong>HP:<\/strong> Warum denkst du, Otto, dass es, trotz der Offensichtlichkeit der positiven Einfl\u00fcsse von Futsal, dieser Sport&nbsp; in Deutschland bei Proficlubs und in der deutschen Fu\u00dfballlandschaft noch nicht richtig angekommen ist?<\/p>\n<p><strong>&nbsp;<\/strong><\/p>\n<p><strong>Otto:<\/strong> Vielleicht muss man dazu sagen, dass grade jetzt DFB Reformen im Jugendbereich anstehen und teilweise schon umgesetzt werden. Zum Beispiel sollen verst\u00e4rkt Spielformen 4 vs 4 und 3 vs 3 gespielt werden. Ab der Saison 2025\/26 sollen diese \u00c4nderungen verbindlich umgesetzt werden. Das Problem ist die Handhabung. Vor allem bei kleineren Clubs, in denen nur ein Trainer da ist oder vielleicht ein Elternteil das Coaching \u00fcbernimmt. Du brauchst bei kleineren Spielformen dann mehr Trainer und musst das Training anders organisieren. Die Gedanken sind aber in jedem Fall da. Meine pers\u00f6nliche Meinung ist, dass es dem deutschen Fu\u00dfball sehr gut tun w\u00fcrde, Futsal weiter zu pushen und in die gro\u00dfen Clubs verpflichtend zu implementieren. Dadurch w\u00fcrden sich die Jugendspieler individuell qualitativ verbessern und das hilft unserem Fu\u00dfball in Deutschland insgesamt. Der DFB geht in eine \u00e4hnliche Richtung. Aber das Thema muss noch mehr in der Vordergrund und man sollte sich nicht davor scheuen, wie Shahin das in Bezug auf AJAX erw\u00e4hnt hat, Experten hinzuzuziehen. Leute die sich im Futsal \u00fcber Jahre auskennen und taktisch um einiges weiter sind, weil sie das 4 vs 4 aus dem Effeff kennen. Da muss man offen sein und sich diese Experten und die damit verbundene Qualit\u00e4t in den Club zu holen.<\/p>\n<p><strong>&nbsp;<\/strong><\/p>\n<p><strong>HP<\/strong>: Hier einige Zitate von Fu\u00dfballern und ihr sollt nicht raten, von wem, aber..<\/p>\n<p><em>&nbsp;<\/em><\/p>\n<p><em>\u201cFutsal helps my ball control in tighter spaces\u201d (Andres Iniesta)<\/em><\/p>\n<p><em>&nbsp;<\/em><\/p>\n<p><em>\u201cIf I wasnt for Futsal, I wouldn`t be the player I am today\u201d (Cristiano Ronaldo)<\/em><\/p>\n<p><em>&nbsp;<\/em><\/p>\n<p><em>\u201cAs a little boy in Argentina, I played futsal on the streets and for my club. It was tremendous fun, and it really helped me become who I am today. (Lionel Messi)<\/em><\/p>\n<p><em>&nbsp;<\/em><\/p>\n<p><em>\u201cIt\u2019s a very demanding game and it really helped to develop my technique, speed of thought, and ability to perform moves in tight spaces. I think futsal is a fundamental part of a footballer&#8217;s life.\u201d (Neymar Jr.)<\/em><\/p>\n<p><em>&nbsp;<\/em><\/p>\n<p><em>\u201cFutsal requires you to think and play fast. It makes everything easier when you later switch to football.&#8220; (Pel\u00e9)<\/em><\/p>\n<p><em>&nbsp;<\/em><\/p>\n<p><em>\u201cI needed extremely good feet, because you&#8217;re always attempting to beat opponents in the minimum of space.\u201d (Ronaldo)<\/em><\/p>\n<p><em>&nbsp;<\/em><\/p>\n<p><em>\u201cIn futsal, you see whether a player is really talented. In normal football you don&#8217;t necessarily identify talent as easily because it&#8217;s so much more physical. But with futsal, you notice the small details in quality, class and tactical understanding.\u201d (Xavi)<\/em><\/p>\n<p><em>&nbsp;<\/em><\/p>\n<p><strong>HP:<\/strong> ..bei uns scheinen diese Aussagen keine Rolle zu spielen. Ist das nicht fahrl\u00e4ssig und hat fast schon Z\u00fcge von Blasphemie? Die Aussagen stehen f\u00fcr sich, oder?<\/p>\n<p><strong>&nbsp;<\/strong><\/p>\n<p><strong>Shahin:<\/strong> Absolut! Ich habe noch ein Beispiel aus Holland. Dusan Tadic zum Beispiel, der spielt nur Futsal. Ich habe grade ein Interview mit einem Innenverteidiger aus der Eredivisie gelesen und der wurde gefragt, wer der unangenehmste Gegenspieler als St\u00fcrmer war. Und der meinte, Dusan Tadic, weil der nur Futsal spielt. Der spielt wie ein Pivot, stellt immer den K\u00f6rper rein, schirmt den Ball ab und legt perfekt f\u00fcr seine Mitspieler auf. Immer mit der Sohle. Sehr interessant Tadic im Spiel zu beobachten. (Statistik Dusan Tadic AJAX, 241 Spiele, 105 Tore, 112 Vorlagen)<\/p>\n<p><strong>&nbsp;<\/strong><\/p>\n<p><strong>HP<\/strong>: Tadic mit AJAX gestern gegen Union ausgeschieden. Leider aus meiner Perspektive. Gegen Union ist es ekelig zu spielen Otto, oder!?<\/p>\n<p><strong>&nbsp;<\/strong><\/p>\n<p><strong>Otto:<\/strong> Schwierig, sehr schwierig (Lacht). Die stehen extrem kompakt. Die machen es insgesamt gut. Spielerauswahl, Philosophie, treffen perfekte Entscheidungen, sehr kopfballstark, Standards gef\u00e4hrlich. Sehr gutes Umschaltspiel mit schnellen Spielern, wie Sheraldo Becker, der glaub ich auch bei AJAX ausgebildet wurde. Die Effizienz und das h\u00e4ufige in F\u00fchrung gehen machen es auch nicht einfacher.<\/p>\n<p><em>&nbsp;<\/em><\/p>\n<p><strong>HP: <\/strong>Von der gro\u00dfen Fu\u00dfballb\u00fchne zum deutschen Amateurfu\u00dfball. Ich war vor einigen Wochen bei den Fu\u00dfball-Hallenstadtmeisterschaften in Bocholt (Meine Heimatstadt). Immerhin mit Teams, die in der Landesliga spielen. Was ich gesehen habe, hat mich erschreckt. Keine Futsal Regel, nicht mal der Ball, nur Gebolze, viele Zeitstrafen und Zeitspiel, technischer Fu\u00dfball nahezu gleich null, extrem hohe Verletzungsgefahr.<\/p>\n<p><strong>&nbsp;<\/strong><\/p>\n<p><strong>HP:<\/strong> Wie ist deine Meinung dazu Otto? Sollte grunds\u00e4tzlich nach den Regeln des offiziellen Hallenfu\u00dfballs gespielt werden oder spielt das keine Rolle, da es um Spa\u00df geht?<\/p>\n<p><em>&nbsp;<\/em><\/p>\n<p><strong>Otto:<\/strong> Ich w\u00fcrde es begr\u00fc\u00dfen. Aber es geht auch um das Brechen von Traditionen. Das ist ein Prozess. Die Holzhammer Methode hilft da nicht. Leider fehlt oftmals noch das grunds\u00e4tzliche Verst\u00e4ndnis. Viele Leute kennen Futsal nicht, wissen nicht, dass es eine Bundesliga gibt. Futsal ist noch sehr, sehr klein in Deutschland. Man muss diesen Sport weiter promoten, deswegen finde ich es auch gut, dass die Fortuna eine Futsalabteilung hat. Auch die gibt es ja noch nicht so lange. Leider stehen wir immer noch ziemlich am Anfang. Ich glaube, wenn die Leute Futsal besser kennen w\u00fcrden, g\u00e4be es nicht so viele Widerst\u00e4nde. Vor allem der DFB kann am gro\u00dfen Rad drehen und hat noch mehr M\u00f6glichkeiten um Futsal in das fu\u00dfballerische Bewusstsein zu r\u00fccken. Die Vorteile auch noch deutlicherer herauszustellen und den Sport weiter publik zu machen. Dann wird sich auch in den K\u00f6pfen der Leute etwas \u00e4ndern und dann wird es weitere Verbesserungen geben. Aber das ist, wie gesagt, ein Prozess und der braucht Zeit.&nbsp; Aber wenn von oberster Stelle bestimmte Regeln, etc. eingefordert werden, dann ist es auch einfacher f\u00fcr die Klubs Futsal oder Teilaspekte von Futsal in den eigenen Vereinen umzusetzen.<\/p>\n<p><em>&nbsp;<\/em><\/p>\n<p><strong>HP:<\/strong><em> Was h\u00e4ltst du von einer Roadshow Futsal anl\u00e4sslich der Fu\u00dfball-EM in Deutschland 2024 Shahin?<\/em><\/p>\n<p><em>&nbsp;<\/em><\/p>\n<p><strong>Shahin:<\/strong> Du meinst, dass der DFB das parallel zur Fu\u00dfball-EM organisiert? Ja, sowas braucht man! Dann haben auch mehr Leute Kontakt zum Futsal. Wie Otto schon sagt. Das ist ein Prozess und eine Futsal Roadshow zur EM 2024 w\u00e4re mega. Das w\u00fcrde mich sehr freuen! (Lacht)<\/p>\n<p><strong>&nbsp;<\/strong><\/p>\n<p><strong>HP:<\/strong> Mit Sporting und Benfica kommen die No 9 und die No 1 der profitabelsten Jugendakademien was Transfererl\u00f6se angeht aus Clubs (Real = 2, Monaco = 3, Ajax = 4, BVB = 36), die ebenfalls \u00fcber eine Profi Futsal Abteilung verf\u00fcgen. Quelle Sky Sport, 7.3.2022&nbsp; <a href=\"https:\/\/sport.sky.de\/fussball\/artikel\/fussball-news-die-profitabelsten-jugendakademien-der-welt\/12559674\/35311\">https:\/\/sport.sky.de\/fussball\/artikel\/fussball-news-die-profitabelsten-jugendakademien-der-welt\/12559674\/35311<\/a><\/p>\n<p>Juve hat 2020 ein Futsal Ausbildungsprojekt vor allem f\u00fcr die Altersklasse 7 bis 14 Jahre gestartet. <a href=\"https:\/\/www.juvefc.com\/juventus-begin-futsal-project\/\">https:\/\/www.juvefc.com\/juventus-begin-futsal-project\/<\/a><\/p>\n<p>In S\u00fcdeuropa, S\u00fcdamerika, auf dem Balkan, in Asien und in Osteuropa geh\u00f6rt Futsal zur Fu\u00dfballkultur.<\/p>\n<p><strong>&nbsp;<\/strong><\/p>\n<p><strong>HP:<\/strong> Was verpasst der deutsche Fu\u00dfball, vor allem wenn man auf das erste goldene Lernalter (D-Jgd\/U12\/U13)) blickt? Zumal deutsche Talente im internationalen Vergleich aktuell erheblich weniger Einsatzzeiten in der Bundesliga bekommen, sagt U21 Auswahl Coach Antonio di Salvo in einem Artikel der S\u00fcddeutschen vom 27.1.2022. <em>Unser Pool an Kandidaten ist viel geringer als jener der Franzosen oder Engl\u00e4nder&#8220;<\/em>, warnte k\u00fcrzlich U21-Nationaltrainer Antonio Di Salvo (<em>Kicker<\/em>). Ihm f\u00e4llt auf: <em><strong>&#8222;Bei den Jahrg\u00e4ngen 2000 und 2001 sind die Einsatzzeiten ausl\u00e4ndischer Spieler in der Bundesliga doppelt so hoch wie die der Deutschen&#8220;<\/strong> <\/em>In anderen Ligen Europas seien die Einsatzzeiten f\u00fcr heimische Talente &#8222;drei- oder viermal so hoch&#8220;. <a href=\"https:\/\/www.sueddeutsche.de\/sport\/bundesliga-talente-dfb-dfl-1.5515799\">https:\/\/www.sueddeutsche.de\/sport\/bundesliga-talente-dfb-dfl-1.5515799<\/a><\/p>\n<p><strong>&nbsp;<\/strong><\/p>\n<p><strong>HP: <\/strong>Wird der deutsche Fu\u00dfball auf kurz oder lang abgeh\u00e4ngt, wenn man nicht gegensteuert?<\/p>\n<p><strong>&nbsp;<\/strong><\/p>\n<p><strong>Otto:<\/strong> Es ist erkannt, dass die individuelle Qualit\u00e4t besser geschult werden muss. Deutschland war immer gut im Mannschaftstaktischen und agierte und arbeitete sehr diszipliniert als Team. Die letzten Jahre waren nicht so erfolgreich. Man hat erkannt, dass man etwas \u00e4ndern muss. Der DFB arbeitet, wie erw\u00e4hnt, an Reformen, auch wenn die Umsetzung nicht immer so einfach ist, weil sich auch viele Vereine dagegen str\u00e4uben. Die Vorteile von Futsal m\u00fcssen jetzt klar herausgestellt und viel mehr Werbung daf\u00fcr gemacht werden. In Deutschland ist es ja schon ein bisschen verp\u00f6nt, den Ball z. B. mit der Sohle mitzunehmen. Unter dem Motto \u201eHacke, Spitze 123\u201c. Aber man sieht zu wenig die ganzen Vorteile von Futsal. Es geht um Dinge wie Ballsicherheit, 1 gegen 1, einstudierte Laufwege, Automatismen trainieren. Gegen den Ball ist man in Deutschland schon ganz gut, aber das ganze Offensivspiel kann definitiv belebt werden. R\u00e4ume und Signale erkennen. Wenn einer quer dribbelt, ist Raum f\u00fcr mich in der Tiefe da. Dieses Timing und erkennen, wann kann ich als Spieler laufen, wann nicht, ist sehr entscheidend. Tiefenl\u00e4ufe und das Freimachen von R\u00e4umen f\u00fcr meine Mitspieler, etc. Ganz viele Elemente die ganz wichtig f\u00fcr`s offensive Spielverst\u00e4ndnis im Fu\u00dfball sind, erlernt man beim Futsal. Aber gleichzeitig trainierst du auch das Defensivverhalten. Da du wei\u00dft, welche R\u00e4ume durch offensive L\u00e4ufe frei werden, die du defensiv wieder schlie\u00dfen musst. Das ganze passiert beim Futsal auf engem Raum mit wenigen Spielern. Du hast somit viele Wiederholung, was wiederrum hei\u00dft, dass du Dinge h\u00e4ufiger trainierst und schneller im Kopf bist. Und je fr\u00fcher du das reinbekommst, mit 10,11 oder 12 Jahren, desto mehr verfestigt sich das und du hast automatisch ein viel besseres offensives und defensives Spielverst\u00e4ndnis, um R\u00e4ume zu belaufen, R\u00e4ume zu schlie\u00dfen und um Gegenbewegungen zu haben. Wenn Spieler Inhalte in jungem Alter lernen und nicht mit 18 oder 19 Jahren mit viel h\u00f6herem Aufwand erlernen m\u00fcssen, ist das ein gro\u00dfer Vorteil. Wie du vorhin erw\u00e4hnt hast, ist es viel leichter im Golden Age diese Dinge zu erlernen und spielerisch zu automatisieren. Das gesamte Raum- und Spielverst\u00e4ndnis, offensiv wie defensiv, wird mit Futsal \u00fcberragend trainiert und es geht nicht nur um Sohle und Tunnel, was Leute vielleicht denken. Und was man nicht vergessen darf, ist die Verantwortung f\u00fcr den Ball, die Sicherheit mit dem Ball. Das Bewusstsein daf\u00fcr, wenn ich jetzt den Ball verliere, laufen wir in einen Konter, usw. Das lernt man im Futsal sehr extrem. Ich bin ein ganz, ganz klarer Bef\u00fcrworter dieser Sportart und der Implementierung in die Vereine. Ich glaube man kann einen ganz wichtigen Schritt&nbsp; machen, wenn man gro\u00dfe Vereine dazu verpflichtet, Futsal zu implementieren. Davon werden alle profitieren. Die Spieler entwickeln sich individuell weiter und dadurch entwickelt sich auch die Mannschaft weiter.<\/p>\n<p><strong>&nbsp;<\/strong><\/p>\n<p><strong>HP:<\/strong> Deine Meinung dazu Shahin?<\/p>\n<p><strong>&nbsp;<\/strong><\/p>\n<p><strong>Shahin:<\/strong> Die Laufwege. Darum geht es. Ich habe ungef\u00e4hr 1,5 Jahre in Barcelona gelebt. Da habe ich eine interessante Erfahrung gemacht. Ich guckte mir damals als Zuschauer das Training der Futsalmannschaft von Barca im Palau Blaugrana an. Ich sa\u00df auf der Gegengerade zusammen mit einigen \u00e4lteren M\u00e4nner. Auf einmal standen die M\u00e4nner auf und fingen an zu klatschen. Warum? Messi, Iniesta, Xavi und andere Fu\u00dfballspieler von Barca kamen in die Halle. Einer der \u00e4lteren Herren erz\u00e4hlte mir, die kommen regelm\u00e4\u00dfig zum Futsal Training um sich die Laufwege anzugucken. Es geht nicht unbedingt um die technischen F\u00e4higkeiten der Futsaler, es geht vor allem um Laufwege. Ich war sehr begeistert davon zu sehen, dass sich Topfu\u00dfballer etwas bei Topfutsalern abschauen. Ich denke das sagt genug \u00fcber Futsal aus.&nbsp; <a href=\"https:\/\/science.orf.at\/v2\/stories\/2991741\/?utm_source=pocket-newtab\">https:\/\/science.orf.at\/v2\/stories\/2991741\/?utm_source=pocket-newtab<\/a><\/p>\n<p><strong>&nbsp;<\/strong><\/p>\n<p><strong>HP: <\/strong>Zum Schluss noch etwas Stammtisch-Wissen. Wer war der letzte Weltfu\u00dfballer, der wahrscheinlich keine Futsal-Wurzeln hat? Ich gebe keinen Tipp, aber ich fang mit dir an Otto.<\/p>\n<p><strong>&nbsp;<\/strong><\/p>\n<p><strong>Otto:<\/strong> Ich wei\u00df es \u00fcberhaupt nicht. Ich kenn auch nicht jeden Weltfu\u00dfballer. Ich k\u00f6nnte mir sehr gut vorstellen, dass es vielleicht sogar Lothar Matth\u00e4us war, aber ich bin mir nicht sicher. (Lacht)<\/p>\n<p><strong>&nbsp;<\/strong><\/p>\n<p><strong>HP:<\/strong> Shahin, hast du eine Idee?<\/p>\n<p><strong>&nbsp;<\/strong><\/p>\n<p><strong>Shahin:<\/strong> Oh nein, oh nein (Lacht). Ich dachte spontan an Franz Beckenbauer. Der war doch auch Weltfu\u00dfballer, oder?! Puuh, keine Idee sonst.<\/p>\n<p><strong>&nbsp;<\/strong><\/p>\n<p><strong>HP:<\/strong> George Weah (Monaco, PSG, AC Milan)&nbsp; &#8211; Liberia &#8211; Staatspr\u00e4sident seit 2018!<\/p>\n<p><strong>&nbsp;<\/strong><\/p>\n<p><strong>Otto:<\/strong> George Weah, aaahh.. (Erkenntnis)<\/p>\n<p><strong>&nbsp;<\/strong><\/p>\n<p><strong>Shahin:<\/strong> Der ist f\u00fcr mich Stra\u00dfenfu\u00dfballer und das ist mit Futsal auf jeden Fall vergleichbar. Aber ich wei\u00df was du meinst, Ja.. (Lacht)<\/p>\n<p><br><\/p><p>Meine Herren, ich danke euch f\u00fcr dieses interessante Gespr\u00e4ch und dr\u00fccke die Daumen f\u00fcr die kommenden Aufgaben!<\/p>\n<p><strong>HP Effing<\/strong><\/p>\t\t\t\t\t\t<\/div>\n\t\t\t\t<\/div>\n\t\t\t\t<div class=\"elementor-element elementor-element-e672496 elementor-widget elementor-widget-spacer\" data-id=\"e672496\" data-element_type=\"widget\" data-widget_type=\"spacer.default\">\n\t\t\t\t<div class=\"elementor-widget-container\">\n\t\t\t\t\t<div class=\"elementor-spacer\">\n\t\t\t<div class=\"elementor-spacer-inner\"><\/div>\n\t\t<\/div>\n\t\t\t\t<\/div>\n\t\t\t\t<\/div>\n\t\t\t\t\t<\/div>\n\t\t<\/div>\n\t\t\t\t\t<\/div>\n\t\t<\/section>\n\t\t\t\t<\/div>\n\t\t","protected":false},"excerpt":{"rendered":"<p>Welchen Einfluss hat Futsal auf die Ausbildung von Fu\u00dfballern und warum ist Deutschland mal wieder hinten dran? Ein Gespr\u00e4ch mit Otto Addo (DFB A-Lizenz Inhaber &#8211; Top-Talente-Trainer BVB und Shahin Rassi (Chefcoach F95 Futsal &#8211; Technik Coach Roda JC Kerkrade, D\u00fcsseldorf, Februar 2023 HP: Otto, wir sprachen vor einiger Zeit bereits im CASTELLO \u00fcber deine [&hellip;]<\/p>\n","protected":false},"author":1,"featured_media":0,"parent":0,"menu_order":0,"comment_status":"closed","ping_status":"closed","template":"elementor_header_footer","meta":{"footnotes":""},"class_list":["post-13","page","type-page","status-publish","hentry","entry"],"_links":{"self":[{"href":"https:\/\/www.futsalgermany.de\/index.php\/wp-json\/wp\/v2\/pages\/13","targetHints":{"allow":["GET"]}}],"collection":[{"href":"https:\/\/www.futsalgermany.de\/index.php\/wp-json\/wp\/v2\/pages"}],"about":[{"href":"https:\/\/www.futsalgermany.de\/index.php\/wp-json\/wp\/v2\/types\/page"}],"author":[{"embeddable":true,"href":"https:\/\/www.futsalgermany.de\/index.php\/wp-json\/wp\/v2\/users\/1"}],"replies":[{"embeddable":true,"href":"https:\/\/www.futsalgermany.de\/index.php\/wp-json\/wp\/v2\/comments?post=13"}],"version-history":[{"count":121,"href":"https:\/\/www.futsalgermany.de\/index.php\/wp-json\/wp\/v2\/pages\/13\/revisions"}],"predecessor-version":[{"id":811,"href":"https:\/\/www.futsalgermany.de\/index.php\/wp-json\/wp\/v2\/pages\/13\/revisions\/811"}],"wp:attachment":[{"href":"https:\/\/www.futsalgermany.de\/index.php\/wp-json\/wp\/v2\/media?parent=13"}],"curies":[{"name":"wp","href":"https:\/\/api.w.org\/{rel}","templated":true}]}}