{"id":23,"date":"2023-08-12T20:29:45","date_gmt":"2023-08-12T20:29:45","guid":{"rendered":"https:\/\/www.futsalgermany.de\/?page_id=23"},"modified":"2023-08-14T09:54:17","modified_gmt":"2023-08-14T09:54:17","slug":"historie","status":"publish","type":"page","link":"https:\/\/www.futsalgermany.de\/index.php\/historie\/","title":{"rendered":"Historie"},"content":{"rendered":"\t\t<div data-elementor-type=\"wp-page\" data-elementor-id=\"23\" class=\"elementor elementor-23\">\n\t\t\t\t\t\t<section class=\"elementor-section elementor-top-section elementor-element elementor-element-c85ec3b elementor-section-boxed elementor-section-height-default elementor-section-height-default\" data-id=\"c85ec3b\" data-element_type=\"section\">\n\t\t\t\t\t\t<div class=\"elementor-container elementor-column-gap-default\">\n\t\t\t\t\t<div class=\"elementor-column elementor-col-100 elementor-top-column elementor-element elementor-element-2a78a08\" data-id=\"2a78a08\" data-element_type=\"column\">\n\t\t\t<div class=\"elementor-widget-wrap elementor-element-populated\">\n\t\t\t\t\t\t<div class=\"elementor-element elementor-element-9bbc819 elementor-widget elementor-widget-spacer\" data-id=\"9bbc819\" data-element_type=\"widget\" data-widget_type=\"spacer.default\">\n\t\t\t\t<div class=\"elementor-widget-container\">\n\t\t\t<style>\/*! elementor - v3.21.0 - 08-05-2024 *\/\n.elementor-column .elementor-spacer-inner{height:var(--spacer-size)}.e-con{--container-widget-width:100%}.e-con-inner>.elementor-widget-spacer,.e-con>.elementor-widget-spacer{width:var(--container-widget-width,var(--spacer-size));--align-self:var(--container-widget-align-self,initial);--flex-shrink:0}.e-con-inner>.elementor-widget-spacer>.elementor-widget-container,.e-con>.elementor-widget-spacer>.elementor-widget-container{height:100%;width:100%}.e-con-inner>.elementor-widget-spacer>.elementor-widget-container>.elementor-spacer,.e-con>.elementor-widget-spacer>.elementor-widget-container>.elementor-spacer{height:100%}.e-con-inner>.elementor-widget-spacer>.elementor-widget-container>.elementor-spacer>.elementor-spacer-inner,.e-con>.elementor-widget-spacer>.elementor-widget-container>.elementor-spacer>.elementor-spacer-inner{height:var(--container-widget-height,var(--spacer-size))}.e-con-inner>.elementor-widget-spacer.elementor-widget-empty,.e-con>.elementor-widget-spacer.elementor-widget-empty{position:relative;min-height:22px;min-width:22px}.e-con-inner>.elementor-widget-spacer.elementor-widget-empty .elementor-widget-empty-icon,.e-con>.elementor-widget-spacer.elementor-widget-empty .elementor-widget-empty-icon{position:absolute;top:0;bottom:0;left:0;right:0;margin:auto;padding:0;width:22px;height:22px}<\/style>\t\t<div class=\"elementor-spacer\">\n\t\t\t<div class=\"elementor-spacer-inner\"><\/div>\n\t\t<\/div>\n\t\t\t\t<\/div>\n\t\t\t\t<\/div>\n\t\t\t\t<div class=\"elementor-element elementor-element-16f29c9 elementor-widget elementor-widget-heading\" data-id=\"16f29c9\" data-element_type=\"widget\" data-widget_type=\"heading.default\">\n\t\t\t\t<div class=\"elementor-widget-container\">\n\t\t\t<style>\/*! elementor - v3.21.0 - 08-05-2024 *\/\n.elementor-heading-title{padding:0;margin:0;line-height:1}.elementor-widget-heading .elementor-heading-title[class*=elementor-size-]>a{color:inherit;font-size:inherit;line-height:inherit}.elementor-widget-heading .elementor-heading-title.elementor-size-small{font-size:15px}.elementor-widget-heading .elementor-heading-title.elementor-size-medium{font-size:19px}.elementor-widget-heading .elementor-heading-title.elementor-size-large{font-size:29px}.elementor-widget-heading .elementor-heading-title.elementor-size-xl{font-size:39px}.elementor-widget-heading .elementor-heading-title.elementor-size-xxl{font-size:59px}<\/style><h2 class=\"elementor-heading-title elementor-size-default\">Meine pers\u00f6nliche Futsal Geschichte - His Futsal Story<\/h2>\t\t<\/div>\n\t\t\t\t<\/div>\n\t\t\t\t<div class=\"elementor-element elementor-element-6dd5ec0 elementor-widget elementor-widget-spacer\" data-id=\"6dd5ec0\" data-element_type=\"widget\" data-widget_type=\"spacer.default\">\n\t\t\t\t<div class=\"elementor-widget-container\">\n\t\t\t\t\t<div class=\"elementor-spacer\">\n\t\t\t<div class=\"elementor-spacer-inner\"><\/div>\n\t\t<\/div>\n\t\t\t\t<\/div>\n\t\t\t\t<\/div>\n\t\t\t\t<div class=\"elementor-element elementor-element-dd317b5 elementor-widget elementor-widget-image\" data-id=\"dd317b5\" data-element_type=\"widget\" data-widget_type=\"image.default\">\n\t\t\t\t<div class=\"elementor-widget-container\">\n\t\t\t<style>\/*! elementor - v3.21.0 - 08-05-2024 *\/\n.elementor-widget-image{text-align:center}.elementor-widget-image a{display:inline-block}.elementor-widget-image a img[src$=\".svg\"]{width:48px}.elementor-widget-image img{vertical-align:middle;display:inline-block}<\/style>\t\t\t\t\t\t\t\t\t\t<img fetchpriority=\"high\" decoding=\"async\" width=\"1024\" height=\"768\" src=\"https:\/\/www.futsalgermany.de\/wp-content\/uploads\/2023\/08\/P6060008_4.7.2009-1024x768.jpg\" class=\"attachment-large size-large wp-image-117\" alt=\"\" srcset=\"https:\/\/www.futsalgermany.de\/wp-content\/uploads\/2023\/08\/P6060008_4.7.2009-1024x768.jpg 1024w, https:\/\/www.futsalgermany.de\/wp-content\/uploads\/2023\/08\/P6060008_4.7.2009-300x225.jpg 300w, https:\/\/www.futsalgermany.de\/wp-content\/uploads\/2023\/08\/P6060008_4.7.2009-768x576.jpg 768w, https:\/\/www.futsalgermany.de\/wp-content\/uploads\/2023\/08\/P6060008_4.7.2009-1536x1152.jpg 1536w, https:\/\/www.futsalgermany.de\/wp-content\/uploads\/2023\/08\/P6060008_4.7.2009-2048x1536.jpg 2048w\" sizes=\"(max-width: 1024px) 100vw, 1024px\" \/>\t\t\t\t\t\t\t\t\t\t\t\t\t<\/div>\n\t\t\t\t<\/div>\n\t\t\t\t\t<\/div>\n\t\t<\/div>\n\t\t\t\t\t<\/div>\n\t\t<\/section>\n\t\t\t\t<section class=\"elementor-section elementor-top-section elementor-element elementor-element-c84e0a8 elementor-section-boxed elementor-section-height-default elementor-section-height-default\" data-id=\"c84e0a8\" data-element_type=\"section\">\n\t\t\t\t\t\t<div class=\"elementor-container elementor-column-gap-default\">\n\t\t\t\t\t<div class=\"elementor-column elementor-col-100 elementor-top-column elementor-element elementor-element-d0f7d55\" data-id=\"d0f7d55\" data-element_type=\"column\">\n\t\t\t<div class=\"elementor-widget-wrap elementor-element-populated\">\n\t\t\t\t\t\t<div class=\"elementor-element elementor-element-4c35012 elementor-widget elementor-widget-spacer\" data-id=\"4c35012\" data-element_type=\"widget\" data-widget_type=\"spacer.default\">\n\t\t\t\t<div class=\"elementor-widget-container\">\n\t\t\t\t\t<div class=\"elementor-spacer\">\n\t\t\t<div class=\"elementor-spacer-inner\"><\/div>\n\t\t<\/div>\n\t\t\t\t<\/div>\n\t\t\t\t<\/div>\n\t\t\t\t<div class=\"elementor-element elementor-element-b5615f2 elementor-widget elementor-widget-text-editor\" data-id=\"b5615f2\" data-element_type=\"widget\" data-widget_type=\"text-editor.default\">\n\t\t\t\t<div class=\"elementor-widget-container\">\n\t\t\t<style>\/*! elementor - v3.21.0 - 08-05-2024 *\/\n.elementor-widget-text-editor.elementor-drop-cap-view-stacked .elementor-drop-cap{background-color:#69727d;color:#fff}.elementor-widget-text-editor.elementor-drop-cap-view-framed .elementor-drop-cap{color:#69727d;border:3px solid;background-color:transparent}.elementor-widget-text-editor:not(.elementor-drop-cap-view-default) .elementor-drop-cap{margin-top:8px}.elementor-widget-text-editor:not(.elementor-drop-cap-view-default) .elementor-drop-cap-letter{width:1em;height:1em}.elementor-widget-text-editor .elementor-drop-cap{float:left;text-align:center;line-height:1;font-size:50px}.elementor-widget-text-editor .elementor-drop-cap-letter{display:inline-block}<\/style>\t\t\t\t<p><strong>2003<\/strong> &#8211; In diesem Jahr kam ich das erste Mal mit Futsal in Kontakt. In einem Termin in der Soccerworld Dortmund, der damaligen Referenzhalle des Fu\u00dfballhallenbetreibers Soccerworld AG (Mein damaliger Arbeitgeber), stellte ein ehemaliger Fu\u00dfballprofi und Au\u00dfendienstler eines Ballherstellers Futsalb\u00e4lle vor und meinte, dass man mit diesen B\u00e4llen in der Halle viel besser spielen k\u00f6nne, als mit konventionellen Fu\u00dfb\u00e4llen. Er hatte Recht, aber damals entschieden wir uns dagegen. <strong>(Foto oben by Futsal Tigers Bocholt)<\/strong><\/p>\t\t\t\t\t\t<\/div>\n\t\t\t\t<\/div>\n\t\t\t\t<div class=\"elementor-element elementor-element-379f69a elementor-widget elementor-widget-spacer\" data-id=\"379f69a\" data-element_type=\"widget\" data-widget_type=\"spacer.default\">\n\t\t\t\t<div class=\"elementor-widget-container\">\n\t\t\t\t\t<div class=\"elementor-spacer\">\n\t\t\t<div class=\"elementor-spacer-inner\"><\/div>\n\t\t<\/div>\n\t\t\t\t<\/div>\n\t\t\t\t<\/div>\n\t\t\t\t<div class=\"elementor-element elementor-element-3c540e8 elementor-widget elementor-widget-text-editor\" data-id=\"3c540e8\" data-element_type=\"widget\" data-widget_type=\"text-editor.default\">\n\t\t\t\t<div class=\"elementor-widget-container\">\n\t\t\t\t\t\t\t<p><strong>2006<\/strong> &#8211; Zusammen mit meinem Auszubildenden Jo Park besuchte ich in der Sportschule Duisburg-Wedau vom Stadtwald-Sport-Park Bocholt (Mein damaliger Arbeitgeber) aus, eine Weiterbildung in der unter anderem ein Workshop zum Thema &#8222;Zaalvoetbal&#8220; vom KNVB angeboten wurde. In diesem Workshop ging es um Futsal. Danach beschlossen Jo und ich den Futsal Tigers Bocholt e. V. zu gr\u00fcnden.<\/p>\t\t\t\t\t\t<\/div>\n\t\t\t\t<\/div>\n\t\t\t\t<div class=\"elementor-element elementor-element-003b51d elementor-widget elementor-widget-spacer\" data-id=\"003b51d\" data-element_type=\"widget\" data-widget_type=\"spacer.default\">\n\t\t\t\t<div class=\"elementor-widget-container\">\n\t\t\t\t\t<div class=\"elementor-spacer\">\n\t\t\t<div class=\"elementor-spacer-inner\"><\/div>\n\t\t<\/div>\n\t\t\t\t<\/div>\n\t\t\t\t<\/div>\n\t\t\t\t<div class=\"elementor-element elementor-element-eba56a8 elementor-widget elementor-widget-text-editor\" data-id=\"eba56a8\" data-element_type=\"widget\" data-widget_type=\"text-editor.default\">\n\t\t\t\t<div class=\"elementor-widget-container\">\n\t\t\t\t\t\t\t<p><strong>2006 &#8211; 2010<\/strong> &#8211; Vorstandsmitglied und Aktiver beim ersten und bisher einzigen Futsalverein aus Bocholt, den Futsal Tigers Bocholt e. V. In dieser Zeit nahmen die Tigers zweimal am Spielbetrieb der Futsal Niederrheinliga und an Futsal Pokalwettbewerben teil. Zudem spielten die Tigers eine Vielzahl von Freundschaftsspielen, unter anderem auch in den Niederlanden. Trainingsst\u00e4tten waren freitags von 20:00 &#8211; 22:00 Uhr, die Badmintonhalle des Stadtwald-Sport-Park Bocholt sowie die Halle der Overbergschule in Bocholt. Ende 2010 wurde der Spiel- und Vereinsbetrieb aus organisatorischen und personellen Gr\u00fcnden eingestellt.<\/p>\t\t\t\t\t\t<\/div>\n\t\t\t\t<\/div>\n\t\t\t\t<div class=\"elementor-element elementor-element-da45064 elementor-widget elementor-widget-spacer\" data-id=\"da45064\" data-element_type=\"widget\" data-widget_type=\"spacer.default\">\n\t\t\t\t<div class=\"elementor-widget-container\">\n\t\t\t\t\t<div class=\"elementor-spacer\">\n\t\t\t<div class=\"elementor-spacer-inner\"><\/div>\n\t\t<\/div>\n\t\t\t\t<\/div>\n\t\t\t\t<\/div>\n\t\t\t\t<div class=\"elementor-element elementor-element-d972df4 elementor-widget elementor-widget-text-editor\" data-id=\"d972df4\" data-element_type=\"widget\" data-widget_type=\"text-editor.default\">\n\t\t\t\t<div class=\"elementor-widget-container\">\n\t\t\t\t\t\t\t<p><strong>2008 &#8211; 2009<\/strong> &#8211; Erarbeitung und Vermarktung der wissenschaftlichen Arbeit <strong>&#8222;Futsal und sein Potential in Deutschland &#8211; Konsequente Integration von Futsal in einen professionell gef\u00fchrten Fu\u00dfballclub&#8220;<\/strong> Hieraus entstanden im Laufe der Jahre Pr\u00e4sentationstermine und pers\u00f6nliche Gespr\u00e4che mit teilweise hochrangigen Protagonisten der deutschen Fu\u00dfballlandschaft der Clubs TSG 1899 Hoffenheim, FC Bayern M\u00fcnchen, VfL Wolfsburg, 1.FC K\u00f6ln, Hertha BSC, Borussia Dortmund und Werder Bremen. Diese Arbeit ist heute aktueller denn je und zeigt klar die gro\u00dfen Chancen und \u00fcberschaubaren Risiken auf, die eine Implemtierung von Futsal in einen professionellen Fu\u00dfballclub bereithalten. <strong>(Foto unten by #futsalger)<\/strong><\/p>\t\t\t\t\t\t<\/div>\n\t\t\t\t<\/div>\n\t\t\t\t<div class=\"elementor-element elementor-element-7c5a729 elementor-widget elementor-widget-spacer\" data-id=\"7c5a729\" data-element_type=\"widget\" data-widget_type=\"spacer.default\">\n\t\t\t\t<div class=\"elementor-widget-container\">\n\t\t\t\t\t<div class=\"elementor-spacer\">\n\t\t\t<div class=\"elementor-spacer-inner\"><\/div>\n\t\t<\/div>\n\t\t\t\t<\/div>\n\t\t\t\t<\/div>\n\t\t\t\t<div class=\"elementor-element elementor-element-24c4aab elementor-widget elementor-widget-image\" data-id=\"24c4aab\" data-element_type=\"widget\" data-widget_type=\"image.default\">\n\t\t\t\t<div class=\"elementor-widget-container\">\n\t\t\t\t\t\t\t\t\t\t\t\t\t<img decoding=\"async\" width=\"1024\" height=\"576\" src=\"https:\/\/www.futsalgermany.de\/wp-content\/uploads\/2023\/08\/20220409_175750-1024x576.jpg\" class=\"attachment-large size-large wp-image-443\" alt=\"\" srcset=\"https:\/\/www.futsalgermany.de\/wp-content\/uploads\/2023\/08\/20220409_175750-1024x576.jpg 1024w, https:\/\/www.futsalgermany.de\/wp-content\/uploads\/2023\/08\/20220409_175750-300x169.jpg 300w, https:\/\/www.futsalgermany.de\/wp-content\/uploads\/2023\/08\/20220409_175750-768x432.jpg 768w, https:\/\/www.futsalgermany.de\/wp-content\/uploads\/2023\/08\/20220409_175750-1536x864.jpg 1536w, https:\/\/www.futsalgermany.de\/wp-content\/uploads\/2023\/08\/20220409_175750-2048x1152.jpg 2048w, https:\/\/www.futsalgermany.de\/wp-content\/uploads\/2023\/08\/20220409_175750-800x450.jpg 800w\" sizes=\"(max-width: 1024px) 100vw, 1024px\" \/>\t\t\t\t\t\t\t\t\t\t\t\t\t<\/div>\n\t\t\t\t<\/div>\n\t\t\t\t<div class=\"elementor-element elementor-element-1240f37 elementor-widget elementor-widget-spacer\" data-id=\"1240f37\" data-element_type=\"widget\" data-widget_type=\"spacer.default\">\n\t\t\t\t<div class=\"elementor-widget-container\">\n\t\t\t\t\t<div class=\"elementor-spacer\">\n\t\t\t<div class=\"elementor-spacer-inner\"><\/div>\n\t\t<\/div>\n\t\t\t\t<\/div>\n\t\t\t\t<\/div>\n\t\t\t\t<div class=\"elementor-element elementor-element-7ac490c elementor-widget elementor-widget-text-editor\" data-id=\"7ac490c\" data-element_type=\"widget\" data-widget_type=\"text-editor.default\">\n\t\t\t\t<div class=\"elementor-widget-container\">\n\t\t\t\t\t\t\t<p><strong>2011<\/strong> &#8211; Offizieller Start meines Projekts &#8222;Futsal Germany &#8211; #futsalger&#8220;. Kick-Off seinerzeit mit meinem ersten Social Media Account auf Twitter sowie der Website futsalgermany.de. Im Laufe der Jahre sollten weitere Social Media Accounts (@futsalgermany) <a href=\"https:\/\/www.instagram.com\/futsalgermany\/\">https:\/\/www.instagram.com\/futsalgermany\/<\/a> sowie langj\u00e4hrige Podcast Aktivit\u00e4ten, Besuche von Ligaspielen, L\u00e4nderspielen, internationalen Begegnungen und u. a. des SPOBIS, das Engagement erweitern. <\/p>\t\t\t\t\t\t<\/div>\n\t\t\t\t<\/div>\n\t\t\t\t<div class=\"elementor-element elementor-element-4caf0b4 elementor-widget elementor-widget-spacer\" data-id=\"4caf0b4\" data-element_type=\"widget\" data-widget_type=\"spacer.default\">\n\t\t\t\t<div class=\"elementor-widget-container\">\n\t\t\t\t\t<div class=\"elementor-spacer\">\n\t\t\t<div class=\"elementor-spacer-inner\"><\/div>\n\t\t<\/div>\n\t\t\t\t<\/div>\n\t\t\t\t<\/div>\n\t\t\t\t<div class=\"elementor-element elementor-element-9cc151a elementor-widget elementor-widget-text-editor\" data-id=\"9cc151a\" data-element_type=\"widget\" data-widget_type=\"text-editor.default\">\n\t\t\t\t<div class=\"elementor-widget-container\">\n\t\t\t\t\t\t\t<p><strong>2011 &#8211; 2012<\/strong>\u00a0 Vorstandsmitglied und Aktiver bei einem der ersten Futsalclubs Deutschlands, PSV Wesel (vormals Inter Wesel). In dieser Spielzeit 2011\/2012 erreichten wir den ersten Platz in der Futsal Niederrheinliga und stiegen in die Futsal Regionalliga West, damals die h\u00f6chste deutsche Spielklasse, auf. In der Aufstiegssaison gelang unserem Team der h\u00f6chste Sieg, den ich jemals aktiv auf der Platte in 2 x 20 Nettominuten miterleben durfte. Wir schlugen den FC Nettetal ausw\u00e4rts mit 48:1! <strong>(Foto unten by PCF MH\/Ruhr)<\/strong><\/p>\t\t\t\t\t\t<\/div>\n\t\t\t\t<\/div>\n\t\t\t\t<div class=\"elementor-element elementor-element-5bc7794 elementor-widget elementor-widget-spacer\" data-id=\"5bc7794\" data-element_type=\"widget\" data-widget_type=\"spacer.default\">\n\t\t\t\t<div class=\"elementor-widget-container\">\n\t\t\t\t\t<div class=\"elementor-spacer\">\n\t\t\t<div class=\"elementor-spacer-inner\"><\/div>\n\t\t<\/div>\n\t\t\t\t<\/div>\n\t\t\t\t<\/div>\n\t\t\t\t<div class=\"elementor-element elementor-element-215ccf6 elementor-widget elementor-widget-image\" data-id=\"215ccf6\" data-element_type=\"widget\" data-widget_type=\"image.default\">\n\t\t\t\t<div class=\"elementor-widget-container\">\n\t\t\t\t\t\t\t\t\t\t\t\t\t<img decoding=\"async\" width=\"1024\" height=\"777\" src=\"https:\/\/www.futsalgermany.de\/wp-content\/uploads\/2023\/08\/IMG_0962-scaled-1-1024x777.jpg\" class=\"attachment-large size-large wp-image-119\" alt=\"\" srcset=\"https:\/\/www.futsalgermany.de\/wp-content\/uploads\/2023\/08\/IMG_0962-scaled-1-1024x777.jpg 1024w, https:\/\/www.futsalgermany.de\/wp-content\/uploads\/2023\/08\/IMG_0962-scaled-1-300x228.jpg 300w, https:\/\/www.futsalgermany.de\/wp-content\/uploads\/2023\/08\/IMG_0962-scaled-1-768x583.jpg 768w, https:\/\/www.futsalgermany.de\/wp-content\/uploads\/2023\/08\/IMG_0962-scaled-1-1536x1165.jpg 1536w, https:\/\/www.futsalgermany.de\/wp-content\/uploads\/2023\/08\/IMG_0962-scaled-1-2048x1554.jpg 2048w\" sizes=\"(max-width: 1024px) 100vw, 1024px\" \/>\t\t\t\t\t\t\t\t\t\t\t\t\t<\/div>\n\t\t\t\t<\/div>\n\t\t\t\t<div class=\"elementor-element elementor-element-032d591 elementor-widget elementor-widget-spacer\" data-id=\"032d591\" data-element_type=\"widget\" data-widget_type=\"spacer.default\">\n\t\t\t\t<div class=\"elementor-widget-container\">\n\t\t\t\t\t<div class=\"elementor-spacer\">\n\t\t\t<div class=\"elementor-spacer-inner\"><\/div>\n\t\t<\/div>\n\t\t\t\t<\/div>\n\t\t\t\t<\/div>\n\t\t\t\t<div class=\"elementor-element elementor-element-10414ed elementor-widget elementor-widget-text-editor\" data-id=\"10414ed\" data-element_type=\"widget\" data-widget_type=\"text-editor.default\">\n\t\t\t\t<div class=\"elementor-widget-container\">\n\t\t\t\t\t\t\t<p><strong>2013 &#8211; 2018<\/strong> &#8211; Start als Aktiver der ersten Mannschaft, sp\u00e4ter auch der zweiten Mannschaft und des Hobbyteams vom PCF M\u00fclheim Ruhr 2008 e. V. Von 2016 bis 2018 aktive Vorstandsarbeit als Gesch\u00e4ftsf\u00fchrer. Zum Abschlu\u00df der Saison 2017\/2018 gelang der ersten Mannschaft der erstmalige Aufstieg in die Futsal Regionalliga West. Mein letztes Spiel als Aktiver absolvierte ich im Trikot der Spielgemeinschaft Ruhrgebiet West (PCF M\u00fclheim\/Futsallicious Essen) in der Landesligasaison 2016\/17, Am Samstag den 13. Mai 2017 schlugen wir den SVK M\u00fclheim mit 13:1 und mir gelangen zum Abschlu\u00df drei Tore. Zum Abschlu\u00df meiner Vorstandsarbeit beim PCF, war ich im Organisationsteam anl\u00e4sslich des Jubil\u00e4umsturniers des Primero Club de Futsal MH. Das Event, welches ich moderierte, fand am 16. Juni 2018 in der Harbecke Sporthalle in M\u00fclheim\/Ruhr statt. Sieger: Manchester Futsal Club.<\/p>\t\t\t\t\t\t<\/div>\n\t\t\t\t<\/div>\n\t\t\t\t<div class=\"elementor-element elementor-element-662b134 elementor-widget elementor-widget-spacer\" data-id=\"662b134\" data-element_type=\"widget\" data-widget_type=\"spacer.default\">\n\t\t\t\t<div class=\"elementor-widget-container\">\n\t\t\t\t\t<div class=\"elementor-spacer\">\n\t\t\t<div class=\"elementor-spacer-inner\"><\/div>\n\t\t<\/div>\n\t\t\t\t<\/div>\n\t\t\t\t<\/div>\n\t\t\t\t<div class=\"elementor-element elementor-element-89ea963 elementor-widget elementor-widget-text-editor\" data-id=\"89ea963\" data-element_type=\"widget\" data-widget_type=\"text-editor.default\">\n\t\t\t\t<div class=\"elementor-widget-container\">\n\t\t\t\t\t\t\t<p><strong style=\"font-size: 14px; color: var( --e-global-color-text );\">ab 2014<\/strong><span style=\"font-size: 14px; color: var( --e-global-color-text );\"> &#8211; Mit dem Besuch der Halbfinalspiele der Futsal EM 2014, Portugal v Italien (3:4) und Russland v Spanien (4:3), am 6. Februar in Antwerpen, begann ich regelm\u00e4\u00dfig bedeutende Futsalspiele und Turniere zu besuchen. Ab Oktober 2015 auch als freier Futsal Journalist f\u00fcr u. a. www.meinsportpodcast.de. Ich besuchte die Finals der deutschen Meisterschaften von 2015 &#8211; 2019 in Hagen, Hamburg, Zwickau, Dresden und Stuttgart oder die ersten beiden offiziellen L\u00e4nderspiele der deutschen Futsalnationalmannschaft im Oktober 2016 in Hamburg gegen England (5:3; 3:3). Des Weiteren war ich bei Futsal Eredivisie und Futsal Champions-League Spielen in den Niederlanden zu Gast oder sah auch die Spiele Spanien v Lettland und Niederlande v Bosnien-Herzegovina anl\u00e4sslich der Futsal WM Qualifikation 2017 live in Eindhoven. Auch das Futsal L\u00e4nderspiel Deutschland v Japan im CASTELLO am 26.10.2018 besuchte ich als Journalist und interviewte den Bundestrainer Marcel Loosveld. Im November 2021 kommentierte ich die Begegnung Schweden v Republik Moldau (2:3) anl\u00e4sslich des Sportstadt D\u00fcsseldorf Futsal-Cup live f\u00fcr den DFB Twitch Kanal.\u00a0 In der aktuellen WM-Quali begleitete ich sowohl das 3:3 im April 2022 in der CU-Arena HH, als auch das 3:1 gegen Lettland, vor Rekordkulisse in Bielefeld, im M\u00e4rz 2023. Bei den deutschen Futsal Jugendmeisterschaften in Gevelsberg fand ich zwischen 2015 und 2017 immer interessante Ansprechpartner wie zum Beispiel Marcel Loosveld 2017, einige Tage nach seinem offiziellen Dienstantritt beim DFB. Zudem war ich regelm\u00e4\u00dfiger Gast bei Spielen der Futsal Regionalliga West in K\u00f6ln, Sennestadt, M\u00fcnster, Wuppertal, M\u00fclheim\/Ruhr, D\u00fcsseldorf oder Bielefeld und fing stimmen f\u00fcr meinen Podcast ein. Vom Futsal L\u00e4nderpokal in Duisburg berichtete ich von 2014 &#8211; 2019 regelm\u00e4\u00dfig und moderierte die Auftaktveranstaltung im Januar\u00a0 2014 am Auftakt-Freitag als Hallensprecher. In 2009 besuchte ich in M\u00fclheim\/Ruhr das erste Mal die deutschen Futsalmeisterschaften. Diese wurden damals noch in Turnierform mit 8 Teams an einem Wochenende ausgespielt und die Veranstaltung hie\u00df DFB-Futsal-Cup. Sieger 2009: Futsal Panthers K\u00f6ln <strong>(Foto unten by #futsalger)<\/strong><br \/><\/span><\/p>\t\t\t\t\t\t<\/div>\n\t\t\t\t<\/div>\n\t\t\t\t<div class=\"elementor-element elementor-element-27b7226 elementor-widget elementor-widget-spacer\" data-id=\"27b7226\" data-element_type=\"widget\" data-widget_type=\"spacer.default\">\n\t\t\t\t<div class=\"elementor-widget-container\">\n\t\t\t\t\t<div class=\"elementor-spacer\">\n\t\t\t<div class=\"elementor-spacer-inner\"><\/div>\n\t\t<\/div>\n\t\t\t\t<\/div>\n\t\t\t\t<\/div>\n\t\t\t\t<div class=\"elementor-element elementor-element-d11a89d elementor-widget elementor-widget-image\" data-id=\"d11a89d\" data-element_type=\"widget\" data-widget_type=\"image.default\">\n\t\t\t\t<div class=\"elementor-widget-container\">\n\t\t\t\t\t\t\t\t\t\t\t\t\t<img loading=\"lazy\" decoding=\"async\" width=\"1024\" height=\"768\" src=\"https:\/\/www.futsalgermany.de\/wp-content\/uploads\/2023\/08\/20180428_182453-1024x768-1.jpg\" class=\"attachment-large size-large wp-image-232\" alt=\"\" srcset=\"https:\/\/www.futsalgermany.de\/wp-content\/uploads\/2023\/08\/20180428_182453-1024x768-1.jpg 1024w, https:\/\/www.futsalgermany.de\/wp-content\/uploads\/2023\/08\/20180428_182453-1024x768-1-300x225.jpg 300w, https:\/\/www.futsalgermany.de\/wp-content\/uploads\/2023\/08\/20180428_182453-1024x768-1-768x576.jpg 768w\" sizes=\"(max-width: 1024px) 100vw, 1024px\" \/>\t\t\t\t\t\t\t\t\t\t\t\t\t<\/div>\n\t\t\t\t<\/div>\n\t\t\t\t<div class=\"elementor-element elementor-element-23a2983 elementor-widget elementor-widget-spacer\" data-id=\"23a2983\" data-element_type=\"widget\" data-widget_type=\"spacer.default\">\n\t\t\t\t<div class=\"elementor-widget-container\">\n\t\t\t\t\t<div class=\"elementor-spacer\">\n\t\t\t<div class=\"elementor-spacer-inner\"><\/div>\n\t\t<\/div>\n\t\t\t\t<\/div>\n\t\t\t\t<\/div>\n\t\t\t\t<div class=\"elementor-element elementor-element-fdbeb81 elementor-widget elementor-widget-text-editor\" data-id=\"fdbeb81\" data-element_type=\"widget\" data-widget_type=\"text-editor.default\">\n\t\t\t\t<div class=\"elementor-widget-container\">\n\t\t\t\t\t\t\t<p><strong>2015 \u2013 2019<\/strong> \u2013 In Zusammenarbeit mit <a href=\"https:\/\/meinsportpodcast.de\/\">www.meinesportpodcast.de<\/a> und Redakteuer Malte Asmus realisierte ich ab Oktober 2015 einen w\u00f6chentlichen Futsal Podcast. In dieser Zeit berichteten wir \u00fcber nationale und internationale Futsalereignisse, wie deutschen Meisterschaften (Herren und Jugend), Futsal L\u00e4nderpokal, Futsal WM und EM inklusive Qualifikation, Futsal Champions League und L\u00e4nderspiele der deutschen Nationalmannschaft. Teilweise besuchte ich die Veranstaltungen live vor Ort oder holte mir zumindest Live-Stimmen der Protagonisten hinzu. In dieser Zeit entwickelte ich unter anderem die Formate \u201eDein Satz zum Spiel\u201c oder \u201e4 +1\u201c eine Fragenkonstellation in Anlehnung an die Aufstellung beim Futsal. Sehr viele Trainer, Spieler und Offizielle kamen in den Jahren dieser intensiven Zusammenarbeit zu Wort und sorgten neben den prominenten Stimmen von MVT, Peter Frymuth , Marcel Loosveld oder Otto Addo f\u00fcr eine Aufmerksamkeitssteigerung f\u00fcr Futsal in Germany. F\u00fcr Fortuna D\u00fcsseldorf produzierte ich zwischen April 2020 und Oktober 2022, 26 Folgen des F95 Futsal Podcast &#8222;Auszeit&#8220; <a href=\"https:\/\/meinsportpodcast.de\/fussball\/auszeit-f95-futsal\/\">https:\/\/meinsportpodcast.de\/fussball\/auszeit-f95-futsal\/<\/a><\/p>\t\t\t\t\t\t<\/div>\n\t\t\t\t<\/div>\n\t\t\t\t<div class=\"elementor-element elementor-element-180b2dc elementor-widget elementor-widget-spacer\" data-id=\"180b2dc\" data-element_type=\"widget\" data-widget_type=\"spacer.default\">\n\t\t\t\t<div class=\"elementor-widget-container\">\n\t\t\t\t\t<div class=\"elementor-spacer\">\n\t\t\t<div class=\"elementor-spacer-inner\"><\/div>\n\t\t<\/div>\n\t\t\t\t<\/div>\n\t\t\t\t<\/div>\n\t\t\t\t<div class=\"elementor-element elementor-element-470ef8c elementor-widget elementor-widget-text-editor\" data-id=\"470ef8c\" data-element_type=\"widget\" data-widget_type=\"text-editor.default\">\n\t\t\t\t<div class=\"elementor-widget-container\">\n\t\t\t\t\t\t\t<p><strong>2019 bis heute<\/strong> \u2013 Seit Juli 2019 bin ich auf freiberuflicher Basis f\u00fcr die Futsalabteilung von Fortuna D\u00fcsseldorf t\u00e4tig.\u00a0 Ich bin vornehmlich f\u00fcr die Arbeitsfelder PR und Kommunikation sowie Vermarktung zust\u00e4ndig. In allen Bereichen arbeite ich intensiv mit der Lizenzspielerabteilung der Fortuna zusammen. Neben meinen Aufgaben in den soeben beschriebenen Arbeitsfeldern, moderiere ich die Bundesliga-Heimspiele unseres F95 Futsalteams, produziere Podcasts oder kommentiere Livestreams. Besondere F95 Highlights seit 2019 waren die erstmalige Teilnahme an den deutschen Futsalmeisterschaften Saison 2020\/21 sowie die damit verbundene Qualifikation f\u00fcr die Futsal Bundesliga. Am 3. September 2021 waren wir Gastgeber des ersten Futsalbundesligaspiels der deutschen Geschichte im D\u00fcsseldorfer CASTELLO und schlugen den HSV mit 1:0. Sowohl in der ersten, als auch in der zweiten Saison erreichten wir unser Minimalziel Klassenerhalt und die damit verbundene Teilnahme am Play-Off Viertelfinale und gewannen dreimal den FVN-Futsal Pokal. Am Samstag, den 2. September 2023, startet meine f\u00fcnfte Spielzeit f\u00fcr die Fortuna mit dem Heimspiel gegen den VfL 05 HOT. Zugleich verfolge ich weiterhin die aktuelle Entwicklung in Futsal Germany sowie internationale Trends und werde zuk\u00fcnftig immer wieder interessante Gespr\u00e4chspartner zu Wort kommen lassen oder eigene Einblicke gew\u00e4hren, die Ihr auf dieser Website im j\u00fcngsten <strong>Futsal BLOG Deutschlands<\/strong> findet\u2026. <strong>(Foto unten by RDS &#8211; D\u00fcsseldorf)<\/strong><\/p>\t\t\t\t\t\t<\/div>\n\t\t\t\t<\/div>\n\t\t\t\t<div class=\"elementor-element elementor-element-5954e77 elementor-widget elementor-widget-spacer\" data-id=\"5954e77\" data-element_type=\"widget\" data-widget_type=\"spacer.default\">\n\t\t\t\t<div class=\"elementor-widget-container\">\n\t\t\t\t\t<div class=\"elementor-spacer\">\n\t\t\t<div class=\"elementor-spacer-inner\"><\/div>\n\t\t<\/div>\n\t\t\t\t<\/div>\n\t\t\t\t<\/div>\n\t\t\t\t<div class=\"elementor-element elementor-element-fec9847 elementor-widget elementor-widget-image\" data-id=\"fec9847\" data-element_type=\"widget\" data-widget_type=\"image.default\">\n\t\t\t\t<div class=\"elementor-widget-container\">\n\t\t\t\t\t\t\t\t\t\t\t\t\t<img loading=\"lazy\" decoding=\"async\" width=\"1024\" height=\"597\" src=\"https:\/\/www.futsalgermany.de\/wp-content\/uploads\/2023\/08\/RDS_Futsal_250622_1c-1024x597-1.jpg\" class=\"attachment-large size-large wp-image-233\" alt=\"\" srcset=\"https:\/\/www.futsalgermany.de\/wp-content\/uploads\/2023\/08\/RDS_Futsal_250622_1c-1024x597-1.jpg 1024w, https:\/\/www.futsalgermany.de\/wp-content\/uploads\/2023\/08\/RDS_Futsal_250622_1c-1024x597-1-300x175.jpg 300w, https:\/\/www.futsalgermany.de\/wp-content\/uploads\/2023\/08\/RDS_Futsal_250622_1c-1024x597-1-768x448.jpg 768w\" sizes=\"(max-width: 1024px) 100vw, 1024px\" \/>\t\t\t\t\t\t\t\t\t\t\t\t\t<\/div>\n\t\t\t\t<\/div>\n\t\t\t\t<div class=\"elementor-element elementor-element-1b380ef elementor-widget elementor-widget-spacer\" data-id=\"1b380ef\" data-element_type=\"widget\" data-widget_type=\"spacer.default\">\n\t\t\t\t<div class=\"elementor-widget-container\">\n\t\t\t\t\t<div class=\"elementor-spacer\">\n\t\t\t<div class=\"elementor-spacer-inner\"><\/div>\n\t\t<\/div>\n\t\t\t\t<\/div>\n\t\t\t\t<\/div>\n\t\t\t\t<div class=\"elementor-element elementor-element-bb8d2fa elementor-widget elementor-widget-spacer\" data-id=\"bb8d2fa\" data-element_type=\"widget\" data-widget_type=\"spacer.default\">\n\t\t\t\t<div class=\"elementor-widget-container\">\n\t\t\t\t\t<div class=\"elementor-spacer\">\n\t\t\t<div class=\"elementor-spacer-inner\"><\/div>\n\t\t<\/div>\n\t\t\t\t<\/div>\n\t\t\t\t<\/div>\n\t\t\t\t<div class=\"elementor-element elementor-element-0923e07 elementor-widget elementor-widget-spacer\" data-id=\"0923e07\" data-element_type=\"widget\" data-widget_type=\"spacer.default\">\n\t\t\t\t<div class=\"elementor-widget-container\">\n\t\t\t\t\t<div class=\"elementor-spacer\">\n\t\t\t<div class=\"elementor-spacer-inner\"><\/div>\n\t\t<\/div>\n\t\t\t\t<\/div>\n\t\t\t\t<\/div>\n\t\t\t\t\t<\/div>\n\t\t<\/div>\n\t\t\t\t\t<\/div>\n\t\t<\/section>\n\t\t\t\t<\/div>\n\t\t","protected":false},"excerpt":{"rendered":"<p>Meine pers\u00f6nliche Futsal Geschichte &#8211; His Futsal Story 2003 &#8211; In diesem Jahr kam ich das erste Mal mit Futsal in Kontakt. In einem Termin in der Soccerworld Dortmund, der damaligen Referenzhalle des Fu\u00dfballhallenbetreibers Soccerworld AG (Mein damaliger Arbeitgeber), stellte ein ehemaliger Fu\u00dfballprofi und Au\u00dfendienstler eines Ballherstellers Futsalb\u00e4lle vor und meinte, dass man mit diesen [&hellip;]<\/p>\n","protected":false},"author":1,"featured_media":0,"parent":0,"menu_order":0,"comment_status":"closed","ping_status":"closed","template":"elementor_header_footer","meta":{"footnotes":""},"class_list":["post-23","page","type-page","status-publish","hentry","entry"],"_links":{"self":[{"href":"https:\/\/www.futsalgermany.de\/index.php\/wp-json\/wp\/v2\/pages\/23","targetHints":{"allow":["GET"]}}],"collection":[{"href":"https:\/\/www.futsalgermany.de\/index.php\/wp-json\/wp\/v2\/pages"}],"about":[{"href":"https:\/\/www.futsalgermany.de\/index.php\/wp-json\/wp\/v2\/types\/page"}],"author":[{"embeddable":true,"href":"https:\/\/www.futsalgermany.de\/index.php\/wp-json\/wp\/v2\/users\/1"}],"replies":[{"embeddable":true,"href":"https:\/\/www.futsalgermany.de\/index.php\/wp-json\/wp\/v2\/comments?post=23"}],"version-history":[{"count":115,"href":"https:\/\/www.futsalgermany.de\/index.php\/wp-json\/wp\/v2\/pages\/23\/revisions"}],"predecessor-version":[{"id":452,"href":"https:\/\/www.futsalgermany.de\/index.php\/wp-json\/wp\/v2\/pages\/23\/revisions\/452"}],"wp:attachment":[{"href":"https:\/\/www.futsalgermany.de\/index.php\/wp-json\/wp\/v2\/media?parent=23"}],"curies":[{"name":"wp","href":"https:\/\/api.w.org\/{rel}","templated":true}]}}