{"id":867,"date":"2025-07-06T14:01:49","date_gmt":"2025-07-06T14:01:49","guid":{"rendered":"https:\/\/www.futsalgermany.de\/?page_id=867"},"modified":"2025-07-08T15:03:00","modified_gmt":"2025-07-08T15:03:00","slug":"elementor-867","status":"publish","type":"page","link":"https:\/\/www.futsalgermany.de\/index.php\/elementor-867\/","title":{"rendered":"Futsal Germany &#8211; Eine Reise geht zu Ende"},"content":{"rendered":"\t\t<div data-elementor-type=\"wp-post\" data-elementor-id=\"867\" class=\"elementor elementor-867\">\n\t\t\t\t\t\t<section class=\"elementor-section elementor-top-section elementor-element elementor-element-ee45c28 elementor-section-boxed elementor-section-height-default elementor-section-height-default\" data-id=\"ee45c28\" data-element_type=\"section\">\n\t\t\t\t\t\t<div class=\"elementor-container elementor-column-gap-default\">\n\t\t\t\t\t<div class=\"elementor-column elementor-col-100 elementor-top-column elementor-element elementor-element-87e767e\" data-id=\"87e767e\" data-element_type=\"column\">\n\t\t\t<div class=\"elementor-widget-wrap elementor-element-populated\">\n\t\t\t\t\t\t<div class=\"elementor-element elementor-element-ccc5aff elementor-widget elementor-widget-heading\" data-id=\"ccc5aff\" data-element_type=\"widget\" data-widget_type=\"heading.default\">\n\t\t\t\t<div class=\"elementor-widget-container\">\n\t\t\t<style>\/*! elementor - v3.21.0 - 08-05-2024 *\/\n.elementor-heading-title{padding:0;margin:0;line-height:1}.elementor-widget-heading .elementor-heading-title[class*=elementor-size-]>a{color:inherit;font-size:inherit;line-height:inherit}.elementor-widget-heading .elementor-heading-title.elementor-size-small{font-size:15px}.elementor-widget-heading .elementor-heading-title.elementor-size-medium{font-size:19px}.elementor-widget-heading .elementor-heading-title.elementor-size-large{font-size:29px}.elementor-widget-heading .elementor-heading-title.elementor-size-xl{font-size:39px}.elementor-widget-heading .elementor-heading-title.elementor-size-xxl{font-size:59px}<\/style><h2 class=\"elementor-heading-title elementor-size-default\">Futsal in Germany - Eine Reise geht zu Ende<\/h2>\t\t<\/div>\n\t\t\t\t<\/div>\n\t\t\t\t\t<\/div>\n\t\t<\/div>\n\t\t\t\t\t<\/div>\n\t\t<\/section>\n\t\t\t\t<section class=\"elementor-section elementor-top-section elementor-element elementor-element-9c950d4 elementor-section-boxed elementor-section-height-default elementor-section-height-default\" data-id=\"9c950d4\" data-element_type=\"section\">\n\t\t\t\t\t\t<div class=\"elementor-container elementor-column-gap-default\">\n\t\t\t\t\t<div class=\"elementor-column elementor-col-100 elementor-top-column elementor-element elementor-element-7b0d839\" data-id=\"7b0d839\" data-element_type=\"column\">\n\t\t\t<div class=\"elementor-widget-wrap elementor-element-populated\">\n\t\t\t\t\t\t<div class=\"elementor-element elementor-element-4647458 elementor-widget elementor-widget-text-editor\" data-id=\"4647458\" data-element_type=\"widget\" data-widget_type=\"text-editor.default\">\n\t\t\t\t<div class=\"elementor-widget-container\">\n\t\t\t<style>\/*! elementor - v3.21.0 - 08-05-2024 *\/\n.elementor-widget-text-editor.elementor-drop-cap-view-stacked .elementor-drop-cap{background-color:#69727d;color:#fff}.elementor-widget-text-editor.elementor-drop-cap-view-framed .elementor-drop-cap{color:#69727d;border:3px solid;background-color:transparent}.elementor-widget-text-editor:not(.elementor-drop-cap-view-default) .elementor-drop-cap{margin-top:8px}.elementor-widget-text-editor:not(.elementor-drop-cap-view-default) .elementor-drop-cap-letter{width:1em;height:1em}.elementor-widget-text-editor .elementor-drop-cap{float:left;text-align:center;line-height:1;font-size:50px}.elementor-widget-text-editor .elementor-drop-cap-letter{display:inline-block}<\/style>\t\t\t\t<p>Zu Beginn der Futsal Bundesliga Saison 2024\/25 war noch alles beim Alten. Sowohl was meine Planungen anging, als auch die Futsal Bundesliga Welt schien noch einigerma\u00dfen in Ordnung, auch wenn h\u00e4ufig hinter und auch vor den Kulissen die beschauliche deutsche Futsallandschaft in Flammen stand. Kein Geld, kein Interesse,\u00a0 <a href=\"https:\/\/www.youtube.com\/watch?v=5cn4LfC9Bb0\">aufgebl\u00e4hte DFB-Auswahlspiele, bei denen auch DAZN mitmischte<\/a>\u00a0 Die Leistung des Teams stimmte zwar meistens, aber bis zur Weltspitze oder zu einem Finalturnier ist und bleibt es noch ein sehr weiter Weg. Hinzu kommt die immer noch sehr fragile Struktur des gesamten Futsalsports in Deutschland. Trotz einer seit der <a href=\"https:\/\/www.dfb.de\/mehr-fussball\/futsal\/bundesliga\">Saison 2021\/22<\/a> ausgespielten Bundesliga und der wie bereits erw\u00e4hnten \u00fcberm\u00e4\u00dfigen Pr\u00e4senz der deutschen Futsal Nationalmannschaft eine nur in der Spitze gute Bilanz f\u00fcr den Verband. Vom Profifu\u00dfball ist auch keine Unterst\u00fctzung zu erwarten. Die DFL schreibt leider nicht, wie beim Frauenfu\u00dfball, eine Futsalabteilung f\u00fcr Proficlubs in die Lizenz Bedingungen, obwohl diese sowohl die Jungs, als auch M\u00e4dels fu\u00dfballerisch besser machen w\u00fcrde. Wie man es auch dreht und wendet. Futsal ist und bleibt verkannt in Deutschland und sein Potenzial wird h\u00f6chstens heimlich und versteckt hinter Platzhaltern von den Proficlubs in Deutschland ausgesch\u00f6pft. Aber auch Amateurvereine haben nicht realisiert, dass ein Futsalcourt g\u00fcnstig und gut in den eigenen Verein integriert werden k\u00f6nnte und allen Teams zu Gute k\u00e4me. <strong>(Foto #futsalger) Hinspiel Futsal Bundesliga Relegation UFC M\u00fcnster v Futsal Panthers K\u00f6ln 0:2 (0:1), 26. April 2025<\/strong><\/p>\t\t\t\t\t\t<\/div>\n\t\t\t\t<\/div>\n\t\t\t\t\t<\/div>\n\t\t<\/div>\n\t\t\t\t\t<\/div>\n\t\t<\/section>\n\t\t\t\t<section class=\"elementor-section elementor-top-section elementor-element elementor-element-b9e2dad elementor-section-boxed elementor-section-height-default elementor-section-height-default\" data-id=\"b9e2dad\" data-element_type=\"section\">\n\t\t\t\t\t\t<div class=\"elementor-container elementor-column-gap-default\">\n\t\t\t\t\t<div class=\"elementor-column elementor-col-100 elementor-top-column elementor-element elementor-element-c212a1d\" data-id=\"c212a1d\" data-element_type=\"column\">\n\t\t\t<div class=\"elementor-widget-wrap elementor-element-populated\">\n\t\t\t\t\t\t<div class=\"elementor-element elementor-element-b1faab0 elementor-widget elementor-widget-spacer\" data-id=\"b1faab0\" data-element_type=\"widget\" data-widget_type=\"spacer.default\">\n\t\t\t\t<div class=\"elementor-widget-container\">\n\t\t\t<style>\/*! elementor - v3.21.0 - 08-05-2024 *\/\n.elementor-column .elementor-spacer-inner{height:var(--spacer-size)}.e-con{--container-widget-width:100%}.e-con-inner>.elementor-widget-spacer,.e-con>.elementor-widget-spacer{width:var(--container-widget-width,var(--spacer-size));--align-self:var(--container-widget-align-self,initial);--flex-shrink:0}.e-con-inner>.elementor-widget-spacer>.elementor-widget-container,.e-con>.elementor-widget-spacer>.elementor-widget-container{height:100%;width:100%}.e-con-inner>.elementor-widget-spacer>.elementor-widget-container>.elementor-spacer,.e-con>.elementor-widget-spacer>.elementor-widget-container>.elementor-spacer{height:100%}.e-con-inner>.elementor-widget-spacer>.elementor-widget-container>.elementor-spacer>.elementor-spacer-inner,.e-con>.elementor-widget-spacer>.elementor-widget-container>.elementor-spacer>.elementor-spacer-inner{height:var(--container-widget-height,var(--spacer-size))}.e-con-inner>.elementor-widget-spacer.elementor-widget-empty,.e-con>.elementor-widget-spacer.elementor-widget-empty{position:relative;min-height:22px;min-width:22px}.e-con-inner>.elementor-widget-spacer.elementor-widget-empty .elementor-widget-empty-icon,.e-con>.elementor-widget-spacer.elementor-widget-empty .elementor-widget-empty-icon{position:absolute;top:0;bottom:0;left:0;right:0;margin:auto;padding:0;width:22px;height:22px}<\/style>\t\t<div class=\"elementor-spacer\">\n\t\t\t<div class=\"elementor-spacer-inner\"><\/div>\n\t\t<\/div>\n\t\t\t\t<\/div>\n\t\t\t\t<\/div>\n\t\t\t\t<div class=\"elementor-element elementor-element-4623daf elementor-widget elementor-widget-image\" data-id=\"4623daf\" data-element_type=\"widget\" data-widget_type=\"image.default\">\n\t\t\t\t<div class=\"elementor-widget-container\">\n\t\t\t<style>\/*! elementor - v3.21.0 - 08-05-2024 *\/\n.elementor-widget-image{text-align:center}.elementor-widget-image a{display:inline-block}.elementor-widget-image a img[src$=\".svg\"]{width:48px}.elementor-widget-image img{vertical-align:middle;display:inline-block}<\/style>\t\t\t\t\t\t\t\t\t\t<img fetchpriority=\"high\" decoding=\"async\" width=\"1024\" height=\"768\" src=\"https:\/\/www.futsalgermany.de\/wp-content\/uploads\/2025\/07\/20250426_195858-1024x768.jpg\" class=\"attachment-large size-large wp-image-869\" alt=\"\" srcset=\"https:\/\/www.futsalgermany.de\/wp-content\/uploads\/2025\/07\/20250426_195858-1024x768.jpg 1024w, https:\/\/www.futsalgermany.de\/wp-content\/uploads\/2025\/07\/20250426_195858-300x225.jpg 300w, https:\/\/www.futsalgermany.de\/wp-content\/uploads\/2025\/07\/20250426_195858-768x576.jpg 768w, https:\/\/www.futsalgermany.de\/wp-content\/uploads\/2025\/07\/20250426_195858-1536x1152.jpg 1536w, https:\/\/www.futsalgermany.de\/wp-content\/uploads\/2025\/07\/20250426_195858-2048x1536.jpg 2048w\" sizes=\"(max-width: 1024px) 100vw, 1024px\" \/>\t\t\t\t\t\t\t\t\t\t\t\t\t<\/div>\n\t\t\t\t<\/div>\n\t\t\t\t<div class=\"elementor-element elementor-element-1bf8cef elementor-widget elementor-widget-spacer\" data-id=\"1bf8cef\" data-element_type=\"widget\" data-widget_type=\"spacer.default\">\n\t\t\t\t<div class=\"elementor-widget-container\">\n\t\t\t\t\t<div class=\"elementor-spacer\">\n\t\t\t<div class=\"elementor-spacer-inner\"><\/div>\n\t\t<\/div>\n\t\t\t\t<\/div>\n\t\t\t\t<\/div>\n\t\t\t\t<div class=\"elementor-element elementor-element-3205c3c elementor-widget elementor-widget-text-editor\" data-id=\"3205c3c\" data-element_type=\"widget\" data-widget_type=\"text-editor.default\">\n\t\t\t\t<div class=\"elementor-widget-container\">\n\t\t\t\t\t\t\t<p>Mein letzter Club, Fortuna D\u00fcsseldorf,\u00a0<a href=\"https:\/\/www.f95.de\/\">https:\/\/www.f95.de\/<\/a> hat es leider auch nicht verstehen wollen, welche gro\u00dfen positiven Effekte die Futsalabteilung auf den gesamten Club h\u00e4tte haben k\u00f6nnen. Als dann noch windige Gesch\u00e4ftsleute, gepaart mit \u00fcberforderten Vorstandsmitgliedern das Futsal Ruder inmitten der Saison per Putsch \u00fcbernahmen, war das Ende der Abteilung vorgezeichnet. Ein letztes Hurra war der <a href=\"https:\/\/rp-online.de\/nrw\/staedte\/duesseldorf\/sport\/spanier-trifft-fuer-fortunas-futsaler-miguelins-fast-perfektes-debuet_aid-123924041\">Miguelin Coup<\/a>, wobei der spanische Futsal Europameister F95 Futsal wohl eher als Beiwerk sah und sein Geld in der <a href=\"https:\/\/www.theiconleague.com\/player\/miguelin-sayago-marti\">Icon League<\/a> verdiente. Am Ende der Saison kam es, wie es kommen musste. Die Fortuna gab ihre Lizenz zur Freude von Preu\u00dfen M\u00fcnster <a href=\"https:\/\/www.dfb.de\/mehr-fussball\/futsal\/relegationsrunde\">(ehemals UFC)<\/a> zur\u00fcck und das Bundesligateam trat auch zum Viertelfinalr\u00fcckspiel bei HOT nicht mehr an. Schwach! Mein Schritt, der vor allem beruflich bedingt war, F95 Futsal zu verlassen, kam offensichtlich zum richtigen Moment. Unser F95 Team und U.N.I.T.Y bereiteten mir einen w\u00fcrdigen Abschied und auch die sportliche Niederlage gegen den <a href=\"https:\/\/sportdeutschland.tv\/fortuna-duesseldorf\/fortuna-duesseldorf-vs-hamburger-sv\">HSV (2:8)<\/a> und der Totalausfall des gesamten Hamburger Teams in Bezug auf mein letztes Spiel, taten meinem letzten F95 Futsal Tag keinen Abbruch. Das Timing f\u00fcr meinen Abschied war excellent und eines gilt ganz sicher weiterhin.. &#8222;<a href=\"https:\/\/www.youtube.com\/watch?v=8UGtlUMMkOU\">Futsal Germany &#8211; Lets push things forward&#8220;\u00a0 <\/a><strong>By HPE, 6.7.2025 &#8211; <\/strong><b>(Foto Privat)<\/b><\/p>\t\t\t\t\t\t<\/div>\n\t\t\t\t<\/div>\n\t\t\t\t<div class=\"elementor-element elementor-element-ec85628 elementor-widget elementor-widget-spacer\" data-id=\"ec85628\" data-element_type=\"widget\" data-widget_type=\"spacer.default\">\n\t\t\t\t<div class=\"elementor-widget-container\">\n\t\t\t\t\t<div class=\"elementor-spacer\">\n\t\t\t<div class=\"elementor-spacer-inner\"><\/div>\n\t\t<\/div>\n\t\t\t\t<\/div>\n\t\t\t\t<\/div>\n\t\t\t\t<div class=\"elementor-element elementor-element-249269f elementor-widget elementor-widget-image\" data-id=\"249269f\" data-element_type=\"widget\" data-widget_type=\"image.default\">\n\t\t\t\t<div class=\"elementor-widget-container\">\n\t\t\t\t\t\t\t\t\t\t\t\t\t<img decoding=\"async\" width=\"1024\" height=\"576\" src=\"https:\/\/www.futsalgermany.de\/wp-content\/uploads\/2025\/07\/IMG-20240831-WA0006-1024x576.jpg\" class=\"attachment-large size-large wp-image-870\" alt=\"\" srcset=\"https:\/\/www.futsalgermany.de\/wp-content\/uploads\/2025\/07\/IMG-20240831-WA0006-1024x576.jpg 1024w, https:\/\/www.futsalgermany.de\/wp-content\/uploads\/2025\/07\/IMG-20240831-WA0006-300x169.jpg 300w, https:\/\/www.futsalgermany.de\/wp-content\/uploads\/2025\/07\/IMG-20240831-WA0006-768x432.jpg 768w, https:\/\/www.futsalgermany.de\/wp-content\/uploads\/2025\/07\/IMG-20240831-WA0006-1536x864.jpg 1536w, https:\/\/www.futsalgermany.de\/wp-content\/uploads\/2025\/07\/IMG-20240831-WA0006-800x450.jpg 800w, https:\/\/www.futsalgermany.de\/wp-content\/uploads\/2025\/07\/IMG-20240831-WA0006.jpg 2048w\" sizes=\"(max-width: 1024px) 100vw, 1024px\" \/>\t\t\t\t\t\t\t\t\t\t\t\t\t<\/div>\n\t\t\t\t<\/div>\n\t\t\t\t\t<\/div>\n\t\t<\/div>\n\t\t\t\t\t<\/div>\n\t\t<\/section>\n\t\t\t\t<section class=\"elementor-section elementor-top-section elementor-element elementor-element-b5186e7 elementor-section-boxed elementor-section-height-default elementor-section-height-default\" data-id=\"b5186e7\" data-element_type=\"section\">\n\t\t\t\t\t\t<div class=\"elementor-container elementor-column-gap-default\">\n\t\t\t\t\t<div class=\"elementor-column elementor-col-100 elementor-top-column elementor-element elementor-element-b68ce83\" data-id=\"b68ce83\" data-element_type=\"column\">\n\t\t\t<div class=\"elementor-widget-wrap\">\n\t\t\t\t\t\t\t<\/div>\n\t\t<\/div>\n\t\t\t\t\t<\/div>\n\t\t<\/section>\n\t\t\t\t<\/div>\n\t\t","protected":false},"excerpt":{"rendered":"<p>Futsal in Germany &#8211; Eine Reise geht zu Ende Zu Beginn der Futsal Bundesliga Saison 2024\/25 war noch alles beim Alten. Sowohl was meine Planungen anging, als auch die Futsal Bundesliga Welt schien noch einigerma\u00dfen in Ordnung, auch wenn h\u00e4ufig hinter und auch vor den Kulissen die beschauliche deutsche Futsallandschaft in Flammen stand. Kein Geld, [&hellip;]<\/p>\n","protected":false},"author":2,"featured_media":914,"parent":0,"menu_order":0,"comment_status":"closed","ping_status":"closed","template":"","meta":{"footnotes":""},"class_list":["post-867","page","type-page","status-publish","has-post-thumbnail","hentry","entry","has-media"],"_links":{"self":[{"href":"https:\/\/www.futsalgermany.de\/index.php\/wp-json\/wp\/v2\/pages\/867","targetHints":{"allow":["GET"]}}],"collection":[{"href":"https:\/\/www.futsalgermany.de\/index.php\/wp-json\/wp\/v2\/pages"}],"about":[{"href":"https:\/\/www.futsalgermany.de\/index.php\/wp-json\/wp\/v2\/types\/page"}],"author":[{"embeddable":true,"href":"https:\/\/www.futsalgermany.de\/index.php\/wp-json\/wp\/v2\/users\/2"}],"replies":[{"embeddable":true,"href":"https:\/\/www.futsalgermany.de\/index.php\/wp-json\/wp\/v2\/comments?post=867"}],"version-history":[{"count":59,"href":"https:\/\/www.futsalgermany.de\/index.php\/wp-json\/wp\/v2\/pages\/867\/revisions"}],"predecessor-version":[{"id":932,"href":"https:\/\/www.futsalgermany.de\/index.php\/wp-json\/wp\/v2\/pages\/867\/revisions\/932"}],"wp:featuredmedia":[{"embeddable":true,"href":"https:\/\/www.futsalgermany.de\/index.php\/wp-json\/wp\/v2\/media\/914"}],"wp:attachment":[{"href":"https:\/\/www.futsalgermany.de\/index.php\/wp-json\/wp\/v2\/media?parent=867"}],"curies":[{"name":"wp","href":"https:\/\/api.w.org\/{rel}","templated":true}]}}